{"id":4804,"date":"2017-08-30T00:39:02","date_gmt":"2017-08-30T00:39:02","guid":{"rendered":"http:\/\/skijumpingcanada.com\/accueil\/"},"modified":"2025-11-11T17:36:08","modified_gmt":"2025-11-11T17:36:08","slug":"accueil","status":"publish","type":"page","link":"https:\/\/skijumpingcanada.com\/fr\/","title":{"rendered":""},"content":{"rendered":"<div class=\"wpb-content-wrapper\"><div class=\"vc_row wpb_row vc_row-fluid\"><div class=\"wpb_column vc_column_container vc_col-sm-12\"><div class=\"vc_column-inner\"><div class=\"wpb_wrapper\">\n\t<div  class=\"wpb_single_image wpb_content_element vc_align_center wpb_content_element\">\n\t\t\n\t\t<figure class=\"wpb_wrapper vc_figure\">\n\t\t\t<div class=\"vc_single_image-wrapper   vc_box_border_grey\"><img fetchpriority=\"high\" decoding=\"async\" width=\"1200\" height=\"400\" src=\"https:\/\/skijumpingcanada.com\/wp-content\/uploads\/2025\/10\/2.png\" class=\"vc_single_image-img attachment-full\" alt=\"\" title=\"2\" srcset=\"https:\/\/skijumpingcanada.com\/wp-content\/uploads\/2025\/10\/2.png 1200w, https:\/\/skijumpingcanada.com\/wp-content\/uploads\/2025\/10\/2-300x100.png 300w, https:\/\/skijumpingcanada.com\/wp-content\/uploads\/2025\/10\/2-1024x341.png 1024w, https:\/\/skijumpingcanada.com\/wp-content\/uploads\/2025\/10\/2-768x256.png 768w\" sizes=\"(max-width: 1200px) 100vw, 1200px\" \/><\/div>\n\t\t<\/figure>\n\t<\/div>\n<div class=\"vc-hoverbox-wrapper  vc-hoverbox-shape--square vc-hoverbox-align--center vc-hoverbox-direction--default vc-hoverbox-width--100\"  ontouchstart=\"\">\n  <div class=\"vc-hoverbox\">\n    <div class=\"vc-hoverbox-inner\">\n      <div class=\"vc-hoverbox-block vc-hoverbox-front\" style=\"background-image: url(https:\/\/skijumpingcanada.com\/wp-content\/uploads\/2025\/10\/Untitled-design-6-2-1024x341.png);\">\n        <div class=\"vc-hoverbox-block-inner vc-hoverbox-front-inner\">\n            <h2 style=\"color: #FFFFFF;text-align: center;font-family:Shadows Into Light;font-weight:400;font-style:normal\" class=\"vc_custom_heading vc_do_custom_heading\">Qui nous sommes<\/h2>\n        <\/div>\n      <\/div>\n      <div class=\"vc-hoverbox-block vc-hoverbox-back\" style=\"background-color: #EC3338;\">\n        <div class=\"vc-hoverbox-block-inner vc-hoverbox-back-inner\">\n            <h2 style=\"color: #FFFFFF;text-align: center;font-family:Shadows Into Light;font-weight:400;font-style:normal\" class=\"vc_custom_heading vc_do_custom_heading\">Saut \u00e0 ski Canada<\/h2>\n            <p>Saut \u00e0 Ski Canada est l&#8217;organisation nationale du sport de saut \u00e0 ski au Canada.<\/p>\n\n            \n        <\/div>\n      <\/div>\n    <\/div>\n  <\/div>\n<\/div><div class=\"vc_empty_space\"   style=\"height: 32px\"><span class=\"vc_empty_space_inner\"><\/span><\/div>\n\t<div  class=\"wpb_single_image wpb_content_element vc_align_center wpb_content_element\">\n\t\t\n\t\t<figure class=\"wpb_wrapper vc_figure\">\n\t\t\t<div class=\"vc_single_image-wrapper   vc_box_border_grey\"><img decoding=\"async\" width=\"1200\" height=\"400\" src=\"https:\/\/skijumpingcanada.com\/wp-content\/uploads\/2025\/10\/Ski-Jumping-Canada-SJC-is-the-national-sport-governing-body-for-ski-jumping-in-Canada.png\" class=\"vc_single_image-img attachment-full\" alt=\"\" title=\"Ski Jumping Canada (SJC) is the national sport governing body for ski jumping in Canada.\" srcset=\"https:\/\/skijumpingcanada.com\/wp-content\/uploads\/2025\/10\/Ski-Jumping-Canada-SJC-is-the-national-sport-governing-body-for-ski-jumping-in-Canada.png 1200w, https:\/\/skijumpingcanada.com\/wp-content\/uploads\/2025\/10\/Ski-Jumping-Canada-SJC-is-the-national-sport-governing-body-for-ski-jumping-in-Canada-300x100.png 300w, https:\/\/skijumpingcanada.com\/wp-content\/uploads\/2025\/10\/Ski-Jumping-Canada-SJC-is-the-national-sport-governing-body-for-ski-jumping-in-Canada-1024x341.png 1024w, https:\/\/skijumpingcanada.com\/wp-content\/uploads\/2025\/10\/Ski-Jumping-Canada-SJC-is-the-national-sport-governing-body-for-ski-jumping-in-Canada-768x256.png 768w\" sizes=\"(max-width: 1200px) 100vw, 1200px\" \/><\/div>\n\t\t<\/figure>\n\t<\/div>\n<div class=\"vc_separator wpb_content_element vc_separator_align_center vc_sep_width_100 vc_sep_pos_align_center vc_separator_no_text vc_sep_color_grey wpb_content_element  wpb_content_element\" ><span class=\"vc_sep_holder vc_sep_holder_l\"><span class=\"vc_sep_line\"><\/span><\/span><span class=\"vc_sep_holder vc_sep_holder_r\"><span class=\"vc_sep_line\"><\/span><\/span>\n<\/div>\n\t<div class=\"wpb_text_column wpb_content_element\" >\n\t\t<div class=\"wpb_wrapper\">\n\t\t\t<h2>\u00c9v\u00e9nements<\/h2>\n\n\t\t<\/div>\n\t<\/div>\n<div  class=\"vc_wp_calendar wpb_content_element\"><div class=\"widget widget_calendar\"><div id=\"calendar_wrap\" class=\"calendar_wrap\"><table id=\"wp-calendar\" class=\"wp-calendar-table\">\n\t<caption>mai 2026<\/caption>\n\t<thead>\n\t<tr>\n\t\t<th scope=\"col\" aria-label=\"Lundi\">L<\/th>\n\t\t<th scope=\"col\" aria-label=\"Mardi\">M<\/th>\n\t\t<th scope=\"col\" aria-label=\"Mercredi\">M<\/th>\n\t\t<th scope=\"col\" aria-label=\"Jeudi\">J<\/th>\n\t\t<th scope=\"col\" aria-label=\"Vendredi\">V<\/th>\n\t\t<th scope=\"col\" aria-label=\"Samedi\">S<\/th>\n\t\t<th scope=\"col\" aria-label=\"Dimanche\">D<\/th>\n\t<\/tr>\n\t<\/thead>\n\t<tbody>\n\t<tr>\n\t\t<td colspan=\"4\" class=\"pad\">&nbsp;<\/td><td id=\"today\">1<\/td><td>2<\/td><td>3<\/td>\n\t<\/tr>\n\t<tr>\n\t\t<td>4<\/td><td>5<\/td><td>6<\/td><td>7<\/td><td>8<\/td><td>9<\/td><td>10<\/td>\n\t<\/tr>\n\t<tr>\n\t\t<td>11<\/td><td>12<\/td><td>13<\/td><td>14<\/td><td>15<\/td><td>16<\/td><td>17<\/td>\n\t<\/tr>\n\t<tr>\n\t\t<td>18<\/td><td>19<\/td><td>20<\/td><td>21<\/td><td>22<\/td><td>23<\/td><td>24<\/td>\n\t<\/tr>\n\t<tr>\n\t\t<td>25<\/td><td>26<\/td><td>27<\/td><td>28<\/td><td>29<\/td><td>30<\/td><td>31<\/td>\n\t<\/tr>\n\t<\/tbody>\n\t<\/table><nav aria-label=\"Previous and next months\" class=\"wp-calendar-nav\">\n\t\t<span class=\"wp-calendar-nav-prev\"><a href=\"https:\/\/skijumpingcanada.com\/fr\/2026\/03\/\">&laquo; Mar<\/a><\/span>\n\t\t<span class=\"pad\">&nbsp;<\/span>\n\t\t<span class=\"wp-calendar-nav-next\">&nbsp;<\/span>\n\t<\/nav><\/div><\/div><\/div><div class=\"vc_separator wpb_content_element vc_separator_align_center vc_sep_width_100 vc_sep_pos_align_center vc_separator_no_text vc_sep_color_grey wpb_content_element  wpb_content_element\" ><span class=\"vc_sep_holder vc_sep_holder_l\"><span class=\"vc_sep_line\"><\/span><\/span><span class=\"vc_sep_holder vc_sep_holder_r\"><span class=\"vc_sep_line\"><\/span><\/span>\n<\/div><\/div><\/div><\/div><\/div><div class=\"vc_row wpb_row vc_row-fluid\"><div class=\"wpb_column vc_column_container vc_col-sm-12\"><div class=\"vc_column-inner\"><div class=\"wpb_wrapper\">\n\t<div class=\"wpb_text_column wpb_content_element\" >\n\t\t<div class=\"wpb_wrapper\">\n\t\t\t<h2>Articles de presses &#8211; Aper\u00e7us<\/h2>\n\n\t\t<\/div>\n\t<\/div>\n<\/div><\/div><\/div><\/div><div class=\"vc_row wpb_row vc_row-fluid\"><div class=\"wpb_column vc_column_container vc_col-sm-12\"><div class=\"vc_column-inner\"><div class=\"wpb_wrapper\"><\/div><\/div><\/div>\n<div class=\"vc_grid-container-wrapper vc_clearfix vc_grid-animation-none\">\n\t<div class=\"vc_grid-container vc_clearfix wpb_content_element vc_basic_grid\" data-initial-loading-animation=\"none\" data-vc-grid-settings=\"{&quot;page_id&quot;:4804,&quot;style&quot;:&quot;load-more&quot;,&quot;action&quot;:&quot;vc_get_vc_grid_data&quot;,&quot;shortcode_id&quot;:&quot;1762881134923-dbb4303a-0a89-6&quot;,&quot;items_per_page&quot;:&quot;3&quot;,&quot;btn_data&quot;:{&quot;title&quot;:&quot;EN SAVOIR PLUS&quot;,&quot;style&quot;:&quot;flat&quot;,&quot;gradient_color_1&quot;:&quot;&quot;,&quot;gradient_color_2&quot;:&quot;&quot;,&quot;gradient_custom_color_1&quot;:&quot;&quot;,&quot;gradient_custom_color_2&quot;:&quot;&quot;,&quot;gradient_text_color&quot;:&quot;&quot;,&quot;custom_background&quot;:&quot;#ededed&quot;,&quot;custom_text&quot;:&quot;#666&quot;,&quot;outline_custom_color&quot;:&quot;#666&quot;,&quot;outline_custom_hover_background&quot;:&quot;#666&quot;,&quot;outline_custom_hover_text&quot;:&quot;#fff&quot;,&quot;shape&quot;:&quot;square&quot;,&quot;color&quot;:&quot;black&quot;,&quot;size&quot;:&quot;md&quot;,&quot;align&quot;:&quot;center&quot;,&quot;button_block&quot;:&quot;&quot;,&quot;add_icon&quot;:&quot;true&quot;,&quot;i_align&quot;:&quot;right&quot;,&quot;i_type&quot;:&quot;fontawesome&quot;,&quot;i_icon_fontawesome&quot;:&quot;fa fa-solid fa-square-plus&quot;,&quot;i_icon_openiconic&quot;:&quot;vc-oi vc-oi-dial&quot;,&quot;i_icon_typicons&quot;:&quot;typcn typcn-adjust-brightness&quot;,&quot;i_icon_entypo&quot;:&quot;entypo-icon entypo-icon-note&quot;,&quot;i_icon_linecons&quot;:&quot;vc_li vc_li-heart&quot;,&quot;i_icon_monosocial&quot;:&quot;&quot;,&quot;i_icon_material&quot;:&quot;&quot;,&quot;i_icon_pixelicons&quot;:&quot;vc_pixel_icon vc_pixel_icon-alert&quot;,&quot;el_id&quot;:&quot;&quot;,&quot;custom_onclick&quot;:&quot;&quot;,&quot;custom_onclick_code&quot;:&quot;&quot;},&quot;tag&quot;:&quot;vc_basic_grid&quot;}\" data-vc-request=\"https:\/\/skijumpingcanada.com\/wp-admin\/admin-ajax.php?lang=fr\" data-vc-post-id=\"4804\" data-vc-public-nonce=\"16c3b59f71\">\n\t\t<style data-type=\"vc_shortcodes-custom-css\">.vc_custom_1419240502350{background-color: #f9f9f9 !important;}.vc_custom_1419002895369{background-color: rgba(255,255,255,0.15) !important;*background-color: rgb(255,255,255) !important;}<\/style><div class=\"vc_grid vc_row vc_grid-gutter-35px vc_pageable-wrapper vc_hook_hover\" data-vc-pageable-content=\"true\"><div class=\"vc_pageable-slide-wrapper vc_clearfix\" data-vc-grid-content=\"true\"><div class=\"vc_grid-item vc_clearfix vc_col-sm-4 vc_grid-item-zone-c-bottom\"><div class=\"vc_grid-item-mini vc_clearfix \"><div class=\"vc_gitem-animated-block  vc_gitem-animate vc_gitem-animate-blurScaleOut\"  data-vc-animation=\"blurScaleOut\"><div class=\"vc_gitem-zone vc_gitem-zone-a vc-gitem-zone-height-mode-auto vc-gitem-zone-height-mode-auto-1-1\" style=\"background-image: url('https:\/\/skijumpingcanada.com\/wp-content\/uploads\/2026\/03\/RBC-Photo-1024x683.jpg') !important;\"><img decoding=\"async\" class=\"vc_gitem-zone-img\" src=\"https:\/\/skijumpingcanada.com\/wp-content\/uploads\/2026\/03\/RBC-Photo-1024x683.jpg\" alt=\"Saut \u00e0 ski Canada participera \u00e0 la nouvelle saison du Camp des recrues RBC\"><div class=\"vc_gitem-zone-mini\"><\/div><\/div><div class=\"vc_gitem-zone vc_gitem-zone-b vc_custom_1419002895369 vc-gitem-zone-height-mode-auto vc_gitem-is-link\"><a href=\"https:\/\/skijumpingcanada.com\/wp-content\/uploads\/2026\/03\/RBC-Photo-1024x683.jpg\" title=\"Saut \u00e0 ski Canada participera \u00e0 la nouvelle saison du Camp des recrues RBC\"  data-lightbox=\"lightbox[rel-4804-1906880849]\" data-vc-gitem-zone=\"prettyphotoLink\" class=\"vc_gitem-link prettyphoto vc-zone-link vc-prettyphoto-link\" ><\/a><div class=\"vc_gitem-zone-mini\"><\/div><\/div><\/div><div class=\"vc_gitem-zone vc_gitem-zone-c vc_custom_1419240502350\"><div class=\"vc_gitem-zone-mini\"><div class=\"vc_gitem_row vc_row vc_gitem-row-position-top\"><div class=\"vc_col-sm-12 vc_gitem-col vc_gitem-col-align-\"><div class=\"vc_custom_heading vc_gitem-post-data vc_gitem-post-data-source-post_title\" ><h4 style=\"text-align: left\" >Saut \u00e0 ski Canada participera \u00e0 la nouvelle saison du Camp des recrues RBC<\/h4><\/div><div class=\"vc_custom_heading vc_gitem-post-data vc_gitem-post-data-source-post_excerpt\" ><p style=\"text-align: left\" ><p>Le Camp des recrues RBC organisera 21 \u00e9v\u00e9nements un peu partout au Canada ce printemps, donnant aux athl\u00e8tes canadiens \u00e2g\u00e9s de 14 \u00e0 25 ans l\u2019occasion d\u2019\u00eatre d\u00e9pist\u00e9s gratuitement par [&hellip;]<\/p>\n<\/p><\/div><\/div><\/div><\/div><\/div><\/div><div class=\"vc_clearfix\"><\/div><\/div><div class=\"vc_grid-item vc_clearfix vc_col-sm-4 vc_grid-item-zone-c-bottom\"><div class=\"vc_grid-item-mini vc_clearfix \"><div class=\"vc_gitem-animated-block  vc_gitem-animate vc_gitem-animate-blurScaleOut\"  data-vc-animation=\"blurScaleOut\"><div class=\"vc_gitem-zone vc_gitem-zone-a vc-gitem-zone-height-mode-auto vc-gitem-zone-height-mode-auto-1-1\" style=\"background-image: url('https:\/\/skijumpingcanada.com\/wp-content\/uploads\/2026\/02\/MaurerMilanoCortina2026_SkiJumping-1107125-1024x934.jpeg') !important;\"><img decoding=\"async\" class=\"vc_gitem-zone-img\" src=\"https:\/\/skijumpingcanada.com\/wp-content\/uploads\/2026\/02\/MaurerMilanoCortina2026_SkiJumping-1107125-1024x934.jpeg\" alt=\"Abigail Strate se classe 11e au saut \u00e0 ski de Big Hill aux Jeux olympiques\"><div class=\"vc_gitem-zone-mini\"><\/div><\/div><div class=\"vc_gitem-zone vc_gitem-zone-b vc_custom_1419002895369 vc-gitem-zone-height-mode-auto vc_gitem-is-link\"><a href=\"https:\/\/skijumpingcanada.com\/wp-content\/uploads\/2026\/02\/MaurerMilanoCortina2026_SkiJumping-1107125-1024x934.jpeg\" title=\"Abigail Strate se classe 11e au saut \u00e0 ski de Big Hill aux Jeux olympiques\"  data-lightbox=\"lightbox[rel-4804-1906880849]\" data-vc-gitem-zone=\"prettyphotoLink\" class=\"vc_gitem-link prettyphoto vc-zone-link vc-prettyphoto-link\" ><\/a><div class=\"vc_gitem-zone-mini\"><\/div><\/div><\/div><div class=\"vc_gitem-zone vc_gitem-zone-c vc_custom_1419240502350\"><div class=\"vc_gitem-zone-mini\"><div class=\"vc_gitem_row vc_row vc_gitem-row-position-top\"><div class=\"vc_col-sm-12 vc_gitem-col vc_gitem-col-align-\"><div class=\"vc_custom_heading vc_gitem-post-data vc_gitem-post-data-source-post_title\" ><h4 style=\"text-align: left\" >Abigail Strate se classe 11e au saut \u00e0 ski de Big Hill aux Jeux olympiques<\/h4><\/div><div class=\"vc_custom_heading vc_gitem-post-data vc_gitem-post-data-source-post_excerpt\" ><p style=\"text-align: left\" ><p>PREDAZZO, Italie&nbsp;\u2014 Malgr\u00e9 des vents impr\u00e9visibles sur la sc\u00e8ne olympique, la Canadienne Abigail Strate a fait tout son possible pour d\u00e9crocher la 11e place sur le grand tremplin aux Jeux [&hellip;]<\/p>\n<\/p><\/div><\/div><\/div><\/div><\/div><\/div><div class=\"vc_clearfix\"><\/div><\/div><div class=\"vc_grid-item vc_clearfix vc_col-sm-4 vc_grid-item-zone-c-bottom\"><div class=\"vc_grid-item-mini vc_clearfix \"><div class=\"vc_gitem-animated-block  vc_gitem-animate vc_gitem-animate-blurScaleOut\"  data-vc-animation=\"blurScaleOut\"><div class=\"vc_gitem-zone vc_gitem-zone-a vc-gitem-zone-height-mode-auto vc-gitem-zone-height-mode-auto-1-1\" style=\"background-image: url('https:\/\/skijumpingcanada.com\/wp-content\/uploads\/2026\/02\/DH_20260207_1329-1024x653.jpeg') !important;\"><img decoding=\"async\" class=\"vc_gitem-zone-img\" src=\"https:\/\/skijumpingcanada.com\/wp-content\/uploads\/2026\/02\/DH_20260207_1329-1024x653.jpeg\" alt=\"La Canadienne Abigail Strate termine 11e lors de la premi\u00e8re \u00e9preuve olympique de saut \u00e0 ski\"><div class=\"vc_gitem-zone-mini\"><\/div><\/div><div class=\"vc_gitem-zone vc_gitem-zone-b vc_custom_1419002895369 vc-gitem-zone-height-mode-auto vc_gitem-is-link\"><a href=\"https:\/\/skijumpingcanada.com\/wp-content\/uploads\/2026\/02\/DH_20260207_1329-1024x653.jpeg\" title=\"La Canadienne Abigail Strate termine 11e lors de la premi\u00e8re \u00e9preuve olympique de saut \u00e0 ski\"  data-lightbox=\"lightbox[rel-4804-1906880849]\" data-vc-gitem-zone=\"prettyphotoLink\" class=\"vc_gitem-link prettyphoto vc-zone-link vc-prettyphoto-link\" ><\/a><div class=\"vc_gitem-zone-mini\"><\/div><\/div><\/div><div class=\"vc_gitem-zone vc_gitem-zone-c vc_custom_1419240502350\"><div class=\"vc_gitem-zone-mini\"><div class=\"vc_gitem_row vc_row vc_gitem-row-position-top\"><div class=\"vc_col-sm-12 vc_gitem-col vc_gitem-col-align-\"><div class=\"vc_custom_heading vc_gitem-post-data vc_gitem-post-data-source-post_title\" ><h4 style=\"text-align: left\" >La Canadienne Abigail Strate termine 11e lors de la premi\u00e8re \u00e9preuve olympique de saut \u00e0 ski<\/h4><\/div><div class=\"vc_custom_heading vc_gitem-post-data vc_gitem-post-data-source-post_excerpt\" ><p style=\"text-align: left\" ><p>PREDAZZO, Italie \u2014 La sauteuse \u00e0 ski canadienne Abigail Strate a d\u00e9but\u00e9 sa campagne olympique avec une 11e place dans l&#8217;\u00e9preuve f\u00e9minine sur tremplin normal samedi \u00e0 Predazzo, en Italie, [&hellip;]<\/p>\n<\/p><\/div><\/div><\/div><\/div><\/div><\/div><div class=\"vc_clearfix\"><\/div><\/div><div class=\"vc_grid-item vc_clearfix vc_col-sm-4 vc_grid-item-zone-c-bottom\"><div class=\"vc_grid-item-mini vc_clearfix \"><div class=\"vc_gitem-animated-block  vc_gitem-animate vc_gitem-animate-blurScaleOut\"  data-vc-animation=\"blurScaleOut\"><div class=\"vc_gitem-zone vc_gitem-zone-a vc-gitem-zone-height-mode-auto vc-gitem-zone-height-mode-auto-1-1\" style=\"background-image: url('https:\/\/skijumpingcanada.com\/wp-content\/uploads\/2026\/01\/ABi-843x1024.jpg') !important;\"><img decoding=\"async\" class=\"vc_gitem-zone-img\" src=\"https:\/\/skijumpingcanada.com\/wp-content\/uploads\/2026\/01\/ABi-843x1024.jpg\" alt=\"Strate remporte deux m\u00e9dailles d'argent cons\u00e9cutives de saut \u00e0 ski \u00e0 Sapporo\"><div class=\"vc_gitem-zone-mini\"><\/div><\/div><div class=\"vc_gitem-zone vc_gitem-zone-b vc_custom_1419002895369 vc-gitem-zone-height-mode-auto vc_gitem-is-link\"><a href=\"https:\/\/skijumpingcanada.com\/wp-content\/uploads\/2026\/01\/ABi-843x1024.jpg\" title=\"Strate remporte deux m\u00e9dailles d&#8217;argent cons\u00e9cutives de saut \u00e0 ski \u00e0 Sapporo\"  data-lightbox=\"lightbox[rel-4804-1906880849]\" data-vc-gitem-zone=\"prettyphotoLink\" class=\"vc_gitem-link prettyphoto vc-zone-link vc-prettyphoto-link\" ><\/a><div class=\"vc_gitem-zone-mini\"><\/div><\/div><\/div><div class=\"vc_gitem-zone vc_gitem-zone-c vc_custom_1419240502350\"><div class=\"vc_gitem-zone-mini\"><div class=\"vc_gitem_row vc_row vc_gitem-row-position-top\"><div class=\"vc_col-sm-12 vc_gitem-col vc_gitem-col-align-\"><div class=\"vc_custom_heading vc_gitem-post-data vc_gitem-post-data-source-post_title\" ><h4 style=\"text-align: left\" >Strate remporte deux m\u00e9dailles d&#8217;argent cons\u00e9cutives de saut \u00e0 ski \u00e0 Sapporo<\/h4><\/div><div class=\"vc_custom_heading vc_gitem-post-data vc_gitem-post-data-source-post_excerpt\" ><p style=\"text-align: left\" ><p>SAPPORO, Japon&nbsp;\u2014 La Canadienne Abigail Strate poursuit son parcours exceptionnel vers Milan-Cortina 2026 en remportant deux m\u00e9dailles d&#8217;argent cons\u00e9cutives sur le grand tremplin lors de la Coupe du monde de [&hellip;]<\/p>\n<\/p><\/div><\/div><\/div><\/div><\/div><\/div><div class=\"vc_clearfix\"><\/div><\/div><div class=\"vc_grid-item vc_clearfix vc_col-sm-4 vc_grid-item-zone-c-bottom\"><div class=\"vc_grid-item-mini vc_clearfix \"><div class=\"vc_gitem-animated-block  vc_gitem-animate vc_gitem-animate-blurScaleOut\"  data-vc-animation=\"blurScaleOut\"><div class=\"vc_gitem-zone vc_gitem-zone-a vc-gitem-zone-height-mode-auto vc-gitem-zone-height-mode-auto-1-1\" style=\"background-image: url('https:\/\/skijumpingcanada.com\/wp-content\/uploads\/2026\/01\/StrateSapporo-1024x683.jpg') !important;\"><img decoding=\"async\" class=\"vc_gitem-zone-img\" src=\"https:\/\/skijumpingcanada.com\/wp-content\/uploads\/2026\/01\/StrateSapporo-1024x683.jpg\" alt=\"La Canadienne Abigail Strate remporte la m\u00e9daille d'argent en saut \u00e0 ski\u00a0\"><div class=\"vc_gitem-zone-mini\"><\/div><\/div><div class=\"vc_gitem-zone vc_gitem-zone-b vc_custom_1419002895369 vc-gitem-zone-height-mode-auto vc_gitem-is-link\"><a href=\"https:\/\/skijumpingcanada.com\/wp-content\/uploads\/2026\/01\/StrateSapporo-1024x683.jpg\" title=\"La Canadienne Abigail Strate remporte la m\u00e9daille d&#8217;argent en saut \u00e0 ski\u00a0\"  data-lightbox=\"lightbox[rel-4804-1906880849]\" data-vc-gitem-zone=\"prettyphotoLink\" class=\"vc_gitem-link prettyphoto vc-zone-link vc-prettyphoto-link\" ><\/a><div class=\"vc_gitem-zone-mini\"><\/div><\/div><\/div><div class=\"vc_gitem-zone vc_gitem-zone-c vc_custom_1419240502350\"><div class=\"vc_gitem-zone-mini\"><div class=\"vc_gitem_row vc_row vc_gitem-row-position-top\"><div class=\"vc_col-sm-12 vc_gitem-col vc_gitem-col-align-\"><div class=\"vc_custom_heading vc_gitem-post-data vc_gitem-post-data-source-post_title\" ><h4 style=\"text-align: left\" >La Canadienne Abigail Strate remporte la m\u00e9daille d&#8217;argent en saut \u00e0 ski\u00a0<\/h4><\/div><div class=\"vc_custom_heading vc_gitem-post-data vc_gitem-post-data-source-post_excerpt\" ><p style=\"text-align: left\" ><p>SAPPORO, Japon&nbsp;\u2014 La Canadienne Abigail Strate poursuit sa s\u00e9rie de m\u00e9dailles en vue des Jeux olympiques d&#8217;hiver de 2026, remportant samedi la m\u00e9daille d&#8217;argent au saut \u00e0 ski f\u00e9minin sur [&hellip;]<\/p>\n<\/p><\/div><\/div><\/div><\/div><\/div><\/div><div class=\"vc_clearfix\"><\/div><\/div><div class=\"vc_grid-item vc_clearfix vc_col-sm-4 vc_grid-item-zone-c-bottom\"><div class=\"vc_grid-item-mini vc_clearfix \"><div class=\"vc_gitem-animated-block  vc_gitem-animate vc_gitem-animate-blurScaleOut\"  data-vc-animation=\"blurScaleOut\"><div class=\"vc_gitem-zone vc_gitem-zone-a vc-gitem-zone-height-mode-auto vc-gitem-zone-height-mode-auto-1-1\" style=\"background-image: url('https:\/\/skijumpingcanada.com\/wp-content\/uploads\/2026\/01\/SkiJumpg.jpg') !important;\"><img decoding=\"async\" class=\"vc_gitem-zone-img\" src=\"https:\/\/skijumpingcanada.com\/wp-content\/uploads\/2026\/01\/SkiJumpg.jpg\" alt=\"Quatre sauteurs \u00e0 ski s\u2019appr\u00eatent \u00e0 s\u2019envoler avec l\u2019\u00c9quipe olympique canadienne vers Milano Cortina 2026\"><div class=\"vc_gitem-zone-mini\"><\/div><\/div><div class=\"vc_gitem-zone vc_gitem-zone-b vc_custom_1419002895369 vc-gitem-zone-height-mode-auto vc_gitem-is-link\"><a href=\"https:\/\/skijumpingcanada.com\/wp-content\/uploads\/2026\/01\/SkiJumpg.jpg\" title=\"Quatre sauteurs \u00e0 ski s\u2019appr\u00eatent \u00e0 s\u2019envoler avec l\u2019\u00c9quipe olympique canadienne vers Milano Cortina 2026\"  data-lightbox=\"lightbox[rel-4804-1906880849]\" data-vc-gitem-zone=\"prettyphotoLink\" class=\"vc_gitem-link prettyphoto vc-zone-link vc-prettyphoto-link\" ><\/a><div class=\"vc_gitem-zone-mini\"><\/div><\/div><\/div><div class=\"vc_gitem-zone vc_gitem-zone-c vc_custom_1419240502350\"><div class=\"vc_gitem-zone-mini\"><div class=\"vc_gitem_row vc_row vc_gitem-row-position-top\"><div class=\"vc_col-sm-12 vc_gitem-col vc_gitem-col-align-\"><div class=\"vc_custom_heading vc_gitem-post-data vc_gitem-post-data-source-post_title\" ><h4 style=\"text-align: left\" >Quatre sauteurs \u00e0 ski s\u2019appr\u00eatent \u00e0 s\u2019envoler avec l\u2019\u00c9quipe olympique canadienne vers Milano Cortina 2026<\/h4><\/div><div class=\"vc_custom_heading vc_gitem-post-data vc_gitem-post-data-source-post_excerpt\" ><p style=\"text-align: left\" ><p>CALGARY (20 janvier 2026) \u2013 Saut \u00e0 ski Canada et le Comit\u00e9 olympique canadien ont d\u00e9voil\u00e9 la formation des athl\u00e8tes de saut \u00e0 ski d\u2019\u00c9quipe Canada s\u00e9lectionn\u00e9s pour participer aux [&hellip;]<\/p>\n<\/p><\/div><\/div><\/div><\/div><\/div><\/div><div class=\"vc_clearfix\"><\/div><\/div><div class=\"vc_grid-item vc_clearfix vc_col-sm-4 vc_grid-item-zone-c-bottom\"><div class=\"vc_grid-item-mini vc_clearfix \"><div class=\"vc_gitem-animated-block  vc_gitem-animate vc_gitem-animate-blurScaleOut\"  data-vc-animation=\"blurScaleOut\"><div class=\"vc_gitem-zone vc_gitem-zone-a vc-gitem-zone-height-mode-auto vc-gitem-zone-height-mode-auto-1-1\" style=\"background-image: url('https:\/\/skijumpingcanada.com\/wp-content\/uploads\/2025\/09\/Tarik-and-Mitchell.jpg') !important;\"><img decoding=\"async\" class=\"vc_gitem-zone-img\" src=\"https:\/\/skijumpingcanada.com\/wp-content\/uploads\/2025\/09\/Tarik-and-Mitchell.jpg\" alt=\"Saut \u00e0 Ski Canada Accueille les \u00c9toiles Montantes dans le Programme de D\u00e9veloppement National, Alimentant les R\u00eaves Olympiques\"><div class=\"vc_gitem-zone-mini\"><\/div><\/div><div class=\"vc_gitem-zone vc_gitem-zone-b vc_custom_1419002895369 vc-gitem-zone-height-mode-auto vc_gitem-is-link\"><a href=\"https:\/\/skijumpingcanada.com\/wp-content\/uploads\/2025\/09\/Tarik-and-Mitchell.jpg\" title=\"Saut \u00e0 Ski Canada Accueille les \u00c9toiles Montantes dans le Programme de D\u00e9veloppement National, Alimentant les R\u00eaves Olympiques\"  data-lightbox=\"lightbox[rel-4804-1906880849]\" data-vc-gitem-zone=\"prettyphotoLink\" class=\"vc_gitem-link prettyphoto vc-zone-link vc-prettyphoto-link\" ><\/a><div class=\"vc_gitem-zone-mini\"><\/div><\/div><\/div><div class=\"vc_gitem-zone vc_gitem-zone-c vc_custom_1419240502350\"><div class=\"vc_gitem-zone-mini\"><div class=\"vc_gitem_row vc_row vc_gitem-row-position-top\"><div class=\"vc_col-sm-12 vc_gitem-col vc_gitem-col-align-\"><div class=\"vc_custom_heading vc_gitem-post-data vc_gitem-post-data-source-post_title\" ><h4 style=\"text-align: left\" >Saut \u00e0 Ski Canada Accueille les \u00c9toiles Montantes dans le Programme de D\u00e9veloppement National, Alimentant les R\u00eaves Olympiques<\/h4><\/div><div class=\"vc_custom_heading vc_gitem-post-data vc_gitem-post-data-source-post_excerpt\" ><p style=\"text-align: left\" ><p>CALGARY, AB \u2013 4 septembre 2025 \u2013 Saut \u00e0 Ski Canada a annonc\u00e9 aujourd&#8217;hui l&#8217;ajout excitant de deux talents prodigieux, Tarik VanWieren (Calgary, Alta.) et Mitchell Penning (King City, Ont), [&hellip;]<\/p>\n<\/p><\/div><\/div><\/div><\/div><\/div><\/div><div class=\"vc_clearfix\"><\/div><\/div><div class=\"vc_grid-item vc_clearfix vc_col-sm-4 vc_grid-item-zone-c-bottom\"><div class=\"vc_grid-item-mini vc_clearfix \"><div class=\"vc_gitem-animated-block  vc_gitem-animate vc_gitem-animate-blurScaleOut\"  data-vc-animation=\"blurScaleOut\"><div class=\"vc_gitem-zone vc_gitem-zone-a vc-gitem-zone-height-mode-auto vc-gitem-zone-height-mode-auto-1-1\" style=\"background-image: url('https:\/\/skijumpingcanada.com\/wp-content\/uploads\/2025\/08\/AbiPoland-1-872x1024.jpg') !important;\"><img decoding=\"async\" class=\"vc_gitem-zone-img\" src=\"https:\/\/skijumpingcanada.com\/wp-content\/uploads\/2025\/08\/AbiPoland-1-872x1024.jpg\" alt=\"Abigail Strate entre dans l\u2019histoire avec un quatri\u00e8me podium cons\u00e9cutif en saut \u00e0 skiStrate d\u00e9croche une deuxi\u00e8me m\u00e9daille de bronze d\u2019affil\u00e9e au Grand Prix d\u2019\u00e9t\u00e9 en Pologne\"><div class=\"vc_gitem-zone-mini\"><\/div><\/div><div class=\"vc_gitem-zone vc_gitem-zone-b vc_custom_1419002895369 vc-gitem-zone-height-mode-auto vc_gitem-is-link\"><a href=\"https:\/\/skijumpingcanada.com\/wp-content\/uploads\/2025\/08\/AbiPoland-1-872x1024.jpg\" title=\"Abigail Strate entre dans l\u2019histoire avec un quatri\u00e8me podium cons\u00e9cutif en saut \u00e0 skiStrate d\u00e9croche une deuxi\u00e8me m\u00e9daille de bronze d\u2019affil\u00e9e au Grand Prix d\u2019\u00e9t\u00e9 en Pologne\"  data-lightbox=\"lightbox[rel-4804-1906880849]\" data-vc-gitem-zone=\"prettyphotoLink\" class=\"vc_gitem-link prettyphoto vc-zone-link vc-prettyphoto-link\" ><\/a><div class=\"vc_gitem-zone-mini\"><\/div><\/div><\/div><div class=\"vc_gitem-zone vc_gitem-zone-c vc_custom_1419240502350\"><div class=\"vc_gitem-zone-mini\"><div class=\"vc_gitem_row vc_row vc_gitem-row-position-top\"><div class=\"vc_col-sm-12 vc_gitem-col vc_gitem-col-align-\"><div class=\"vc_custom_heading vc_gitem-post-data vc_gitem-post-data-source-post_title\" ><h4 style=\"text-align: left\" >Abigail Strate entre dans l\u2019histoire avec un quatri\u00e8me podium cons\u00e9cutif en saut \u00e0 skiStrate d\u00e9croche une deuxi\u00e8me m\u00e9daille de bronze d\u2019affil\u00e9e au Grand Prix d\u2019\u00e9t\u00e9 en Pologne<\/h4><\/div><div class=\"vc_custom_heading vc_gitem-post-data vc_gitem-post-data-source-post_excerpt\" ><p style=\"text-align: left\" ><p>WISLA, Pologne &#8211; Abigail Strate, du Canada, admet volontiers qu\u2019elle aime le soleil d\u2019\u00e9t\u00e9, mais qu\u2019elle n\u2019a jamais vraiment trouv\u00e9 son rythme sur les tremplins de saut \u00e0 ski pendant [&hellip;]<\/p>\n<\/p><\/div><\/div><\/div><\/div><\/div><\/div><div class=\"vc_clearfix\"><\/div><\/div><div class=\"vc_grid-item vc_clearfix vc_col-sm-4 vc_grid-item-zone-c-bottom\"><div class=\"vc_grid-item-mini vc_clearfix \"><div class=\"vc_gitem-animated-block  vc_gitem-animate vc_gitem-animate-blurScaleOut\"  data-vc-animation=\"blurScaleOut\"><div class=\"vc_gitem-zone vc_gitem-zone-a vc-gitem-zone-height-mode-auto vc-gitem-zone-height-mode-auto-1-1\" style=\"background-image: url('https:\/\/skijumpingcanada.com\/wp-content\/uploads\/2025\/08\/AbiPoland-680x1024.jpg') !important;\"><img decoding=\"async\" class=\"vc_gitem-zone-img\" src=\"https:\/\/skijumpingcanada.com\/wp-content\/uploads\/2025\/08\/AbiPoland-680x1024.jpg\" alt=\"Abigail Strate signe un troisi\u00e8me podium international cons\u00e9cutif en saut \u00e0 ski Strate arrache le bronze au Grand Prix d\u2019\u00e9t\u00e9 en Pologne\"><div class=\"vc_gitem-zone-mini\"><\/div><\/div><div class=\"vc_gitem-zone vc_gitem-zone-b vc_custom_1419002895369 vc-gitem-zone-height-mode-auto vc_gitem-is-link\"><a href=\"https:\/\/skijumpingcanada.com\/wp-content\/uploads\/2025\/08\/AbiPoland-680x1024.jpg\" title=\"Abigail Strate signe un troisi\u00e8me podium international cons\u00e9cutif en saut \u00e0 ski Strate arrache le bronze au Grand Prix d\u2019\u00e9t\u00e9 en Pologne\"  data-lightbox=\"lightbox[rel-4804-1906880849]\" data-vc-gitem-zone=\"prettyphotoLink\" class=\"vc_gitem-link prettyphoto vc-zone-link vc-prettyphoto-link\" ><\/a><div class=\"vc_gitem-zone-mini\"><\/div><\/div><\/div><div class=\"vc_gitem-zone vc_gitem-zone-c vc_custom_1419240502350\"><div class=\"vc_gitem-zone-mini\"><div class=\"vc_gitem_row vc_row vc_gitem-row-position-top\"><div class=\"vc_col-sm-12 vc_gitem-col vc_gitem-col-align-\"><div class=\"vc_custom_heading vc_gitem-post-data vc_gitem-post-data-source-post_title\" ><h4 style=\"text-align: left\" >Abigail Strate signe un troisi\u00e8me podium international cons\u00e9cutif en saut \u00e0 ski Strate arrache le bronze au Grand Prix d\u2019\u00e9t\u00e9 en Pologne<\/h4><\/div><div class=\"vc_custom_heading vc_gitem-post-data vc_gitem-post-data-source-post_excerpt\" ><p style=\"text-align: left\" ><p>WIS\u0141A, Pologne&nbsp;\u2014 Et de trois de suite pour la sauteuse canadienne Abigail Strate sur le circuit du Grand Prix d\u2019\u00e9t\u00e9. La Canadienne a d\u00e9croch\u00e9 la m\u00e9daille de bronze samedi &#8211; [&hellip;]<\/p>\n<\/p><\/div><\/div><\/div><\/div><\/div><\/div><div class=\"vc_clearfix\"><\/div><\/div><div class=\"vc_grid-item vc_clearfix vc_col-sm-4 vc_grid-item-zone-c-bottom\"><div class=\"vc_grid-item-mini vc_clearfix \"><div class=\"vc_gitem-animated-block  vc_gitem-animate vc_gitem-animate-blurScaleOut\"  data-vc-animation=\"blurScaleOut\"><div class=\"vc_gitem-zone vc_gitem-zone-a vc-gitem-zone-height-mode-auto vc-gitem-zone-height-mode-auto-1-1\" style=\"background-image: url('https:\/\/skijumpingcanada.com\/wp-content\/uploads\/2025\/08\/abi-1024x684.jpg') !important;\"><img decoding=\"async\" class=\"vc_gitem-zone-img\" src=\"https:\/\/skijumpingcanada.com\/wp-content\/uploads\/2025\/08\/abi-1024x684.jpg\" alt=\"La Canadienne Abigail Strate monte sur son premier podium estival du Grand Prix de saut \u00e0 ski\"><div class=\"vc_gitem-zone-mini\"><\/div><\/div><div class=\"vc_gitem-zone vc_gitem-zone-b vc_custom_1419002895369 vc-gitem-zone-height-mode-auto vc_gitem-is-link\"><a href=\"https:\/\/skijumpingcanada.com\/wp-content\/uploads\/2025\/08\/abi-1024x684.jpg\" title=\"La Canadienne Abigail Strate monte sur son premier podium estival du Grand Prix de saut \u00e0 ski\"  data-lightbox=\"lightbox[rel-4804-1906880849]\" data-vc-gitem-zone=\"prettyphotoLink\" class=\"vc_gitem-link prettyphoto vc-zone-link vc-prettyphoto-link\" ><\/a><div class=\"vc_gitem-zone-mini\"><\/div><\/div><\/div><div class=\"vc_gitem-zone vc_gitem-zone-c vc_custom_1419240502350\"><div class=\"vc_gitem-zone-mini\"><div class=\"vc_gitem_row vc_row vc_gitem-row-position-top\"><div class=\"vc_col-sm-12 vc_gitem-col vc_gitem-col-align-\"><div class=\"vc_custom_heading vc_gitem-post-data vc_gitem-post-data-source-post_title\" ><h4 style=\"text-align: left\" >La Canadienne Abigail Strate monte sur son premier podium estival du Grand Prix de saut \u00e0 ski<\/h4><\/div><div class=\"vc_custom_heading vc_gitem-post-data vc_gitem-post-data-source-post_excerpt\" ><p style=\"text-align: left\" ><p>9 ao\u00fbt 2025 La Canadienne Abigail Strate monte sur son premier podium estival du Grand Prix de saut \u00e0 ski La m\u00e9daill\u00e9e olympique remporte le bronze en France COURCHEVEL, France [&hellip;]<\/p>\n<\/p><\/div><\/div><\/div><\/div><\/div><\/div><div class=\"vc_clearfix\"><\/div><\/div><div class=\"vc_grid-item vc_clearfix vc_col-sm-4 vc_grid-item-zone-c-bottom\"><div class=\"vc_grid-item-mini vc_clearfix \"><div class=\"vc_gitem-animated-block  vc_gitem-animate vc_gitem-animate-blurScaleOut\"  data-vc-animation=\"blurScaleOut\"><div class=\"vc_gitem-zone vc_gitem-zone-a vc-gitem-zone-height-mode-auto vc-gitem-zone-height-mode-auto-1-1\" style=\"background-image: url('https:\/\/skijumpingcanada.com\/wp-content\/uploads\/2016\/05\/Ski-Jumping-Canada-Logo-AGM-.jpg') !important;\"><img decoding=\"async\" class=\"vc_gitem-zone-img\" src=\"https:\/\/skijumpingcanada.com\/wp-content\/uploads\/2016\/05\/Ski-Jumping-Canada-Logo-AGM-.jpg\" alt=\"Saut \u00e0 Ski Canada AGA\"><div class=\"vc_gitem-zone-mini\"><\/div><\/div><div class=\"vc_gitem-zone vc_gitem-zone-b vc_custom_1419002895369 vc-gitem-zone-height-mode-auto vc_gitem-is-link\"><a href=\"https:\/\/skijumpingcanada.com\/wp-content\/uploads\/2016\/05\/Ski-Jumping-Canada-Logo-AGM-.jpg\" title=\"Saut \u00e0 Ski Canada AGA\"  data-lightbox=\"lightbox[rel-4804-1906880849]\" data-vc-gitem-zone=\"prettyphotoLink\" class=\"vc_gitem-link prettyphoto vc-zone-link vc-prettyphoto-link\" ><\/a><div class=\"vc_gitem-zone-mini\"><\/div><\/div><\/div><div class=\"vc_gitem-zone vc_gitem-zone-c vc_custom_1419240502350\"><div class=\"vc_gitem-zone-mini\"><div class=\"vc_gitem_row vc_row vc_gitem-row-position-top\"><div class=\"vc_col-sm-12 vc_gitem-col vc_gitem-col-align-\"><div class=\"vc_custom_heading vc_gitem-post-data vc_gitem-post-data-source-post_title\" ><h4 style=\"text-align: left\" >Saut \u00e0 Ski Canada AGA<\/h4><\/div><div class=\"vc_custom_heading vc_gitem-post-data vc_gitem-post-data-source-post_excerpt\" ><p style=\"text-align: left\" ><p>L\u2019AVIS DE CONVOCATION \u00c0 L\u2019ASSEMBL\u00c9E G\u00c9N\u00c9RALE ANNUELLE POUR SAUT \u00c0 SKI CANADA Conform\u00e9ment \u00e0 ses r\u00e8glements, L\u2019AVIS est donn\u00e9 par la pr\u00e9sente, de l\u2019assembl\u00e9e g\u00e9n\u00e9rale annuelle de Saut \u00e0 Ski [&hellip;]<\/p>\n<\/p><\/div><\/div><\/div><\/div><\/div><\/div><div class=\"vc_clearfix\"><\/div><\/div><div class=\"vc_grid-item vc_clearfix vc_col-sm-4 vc_grid-item-zone-c-bottom\"><div class=\"vc_grid-item-mini vc_clearfix \"><div class=\"vc_gitem-animated-block  vc_gitem-animate vc_gitem-animate-blurScaleOut\"  data-vc-animation=\"blurScaleOut\"><div class=\"vc_gitem-zone vc_gitem-zone-a vc-gitem-zone-height-mode-auto vc-gitem-zone-height-mode-auto-1-1\" style=\"background-image: url('https:\/\/skijumpingcanada.com\/wp-content\/uploads\/2020\/01\/Ski-Jumping-978x1024.jpg') !important;\"><img decoding=\"async\" class=\"vc_gitem-zone-img\" src=\"https:\/\/skijumpingcanada.com\/wp-content\/uploads\/2020\/01\/Ski-Jumping-978x1024.jpg\" alt=\"Appel \u00e0 candidatures pour de nouveaux administrateurs\"><div class=\"vc_gitem-zone-mini\"><\/div><\/div><div class=\"vc_gitem-zone vc_gitem-zone-b vc_custom_1419002895369 vc-gitem-zone-height-mode-auto vc_gitem-is-link\"><a href=\"https:\/\/skijumpingcanada.com\/wp-content\/uploads\/2020\/01\/Ski-Jumping-978x1024.jpg\" title=\"Appel \u00e0 candidatures pour de nouveaux administrateurs\"  data-lightbox=\"lightbox[rel-4804-1906880849]\" data-vc-gitem-zone=\"prettyphotoLink\" class=\"vc_gitem-link prettyphoto vc-zone-link vc-prettyphoto-link\" ><\/a><div class=\"vc_gitem-zone-mini\"><\/div><\/div><\/div><div class=\"vc_gitem-zone vc_gitem-zone-c vc_custom_1419240502350\"><div class=\"vc_gitem-zone-mini\"><div class=\"vc_gitem_row vc_row vc_gitem-row-position-top\"><div class=\"vc_col-sm-12 vc_gitem-col vc_gitem-col-align-\"><div class=\"vc_custom_heading vc_gitem-post-data vc_gitem-post-data-source-post_title\" ><h4 style=\"text-align: left\" >Appel \u00e0 candidatures pour de nouveaux administrateurs<\/h4><\/div><div class=\"vc_custom_heading vc_gitem-post-data vc_gitem-post-data-source-post_excerpt\" ><p style=\"text-align: left\" ><p>Conseil d\u2019administration de Saut \u00e0 ski Canada \u2013 2025 Saut \u00e0 ski Canada (SSC), l\u2019organisme national de r\u00e9gie du sport pour le saut \u00e0 ski au Canada, lance un appel [&hellip;]<\/p>\n<\/p><\/div><\/div><\/div><\/div><\/div><\/div><div class=\"vc_clearfix\"><\/div><\/div><div class=\"vc_grid-item vc_clearfix vc_col-sm-4 vc_grid-item-zone-c-bottom\"><div class=\"vc_grid-item-mini vc_clearfix \"><div class=\"vc_gitem-animated-block  vc_gitem-animate vc_gitem-animate-blurScaleOut\"  data-vc-animation=\"blurScaleOut\"><div class=\"vc_gitem-zone vc_gitem-zone-a vc-gitem-zone-height-mode-auto vc-gitem-zone-height-mode-auto-1-1\" style=\"background-image: url('https:\/\/skijumpingcanada.com\/wp-content\/uploads\/2024\/04\/PJZ_6136-1024x782.jpeg') !important;\"><img decoding=\"async\" class=\"vc_gitem-zone-img\" src=\"https:\/\/skijumpingcanada.com\/wp-content\/uploads\/2024\/04\/PJZ_6136-1024x782.jpeg\" alt=\"Le terrain de jeu de ski\u00a0: une initiation au sport pour la vie pour tous les Canadiens\"><div class=\"vc_gitem-zone-mini\"><\/div><\/div><div class=\"vc_gitem-zone vc_gitem-zone-b vc_custom_1419002895369 vc-gitem-zone-height-mode-auto vc_gitem-is-link\"><a href=\"https:\/\/skijumpingcanada.com\/wp-content\/uploads\/2024\/04\/PJZ_6136-1024x782.jpeg\" title=\"Le terrain de jeu de ski\u00a0: une initiation au sport pour la vie pour tous les Canadiens\"  data-lightbox=\"lightbox[rel-4804-1906880849]\" data-vc-gitem-zone=\"prettyphotoLink\" class=\"vc_gitem-link prettyphoto vc-zone-link vc-prettyphoto-link\" ><\/a><div class=\"vc_gitem-zone-mini\"><\/div><\/div><\/div><div class=\"vc_gitem-zone vc_gitem-zone-c vc_custom_1419240502350\"><div class=\"vc_gitem-zone-mini\"><div class=\"vc_gitem_row vc_row vc_gitem-row-position-top\"><div class=\"vc_col-sm-12 vc_gitem-col vc_gitem-col-align-\"><div class=\"vc_custom_heading vc_gitem-post-data vc_gitem-post-data-source-post_title\" ><h4 style=\"text-align: left\" >Le terrain de jeu de ski\u00a0: une initiation au sport pour la vie pour tous les Canadiens<\/h4><\/div><div class=\"vc_custom_heading vc_gitem-post-data vc_gitem-post-data-source-post_excerpt\" ><p style=\"text-align: left\" ><p>Le projet a permis \u00e0 Jesse&nbsp;Cockney de revenir plus de 30&nbsp;ans en arri\u00e8re, \u00e0 l\u2019\u00e9poque o\u00f9 il \u00e9tait encore un jeune d\u00e9butant qui d\u00e9couvrait son histoire d\u2019amour avec le sport. [&hellip;]<\/p>\n<\/p><\/div><\/div><\/div><\/div><\/div><\/div><div class=\"vc_clearfix\"><\/div><\/div><div class=\"vc_grid-item vc_clearfix vc_col-sm-4 vc_grid-item-zone-c-bottom\"><div class=\"vc_grid-item-mini vc_clearfix \"><div class=\"vc_gitem-animated-block  vc_gitem-animate vc_gitem-animate-blurScaleOut\"  data-vc-animation=\"blurScaleOut\"><div class=\"vc_gitem-zone vc_gitem-zone-a vc-gitem-zone-height-mode-auto vc-gitem-zone-height-mode-auto-1-1\" style=\"background-image: url('https:\/\/skijumpingcanada.com\/wp-content\/uploads\/2024\/02\/d.edwards.photo_.jpg') !important;\"><img decoding=\"async\" class=\"vc_gitem-zone-img\" src=\"https:\/\/skijumpingcanada.com\/wp-content\/uploads\/2024\/02\/d.edwards.photo_.jpg\" alt=\"Le d\u00e9veloppement prend son envol chez Saut \u00e0 ski Canada avec l\u2019embauche de Drew Edwards\"><div class=\"vc_gitem-zone-mini\"><\/div><\/div><div class=\"vc_gitem-zone vc_gitem-zone-b vc_custom_1419002895369 vc-gitem-zone-height-mode-auto vc_gitem-is-link\"><a href=\"https:\/\/skijumpingcanada.com\/wp-content\/uploads\/2024\/02\/d.edwards.photo_.jpg\" title=\"Le d\u00e9veloppement prend son envol chez Saut \u00e0 ski Canada avec l\u2019embauche de Drew Edwards\"  data-lightbox=\"lightbox[rel-4804-1906880849]\" data-vc-gitem-zone=\"prettyphotoLink\" class=\"vc_gitem-link prettyphoto vc-zone-link vc-prettyphoto-link\" ><\/a><div class=\"vc_gitem-zone-mini\"><\/div><\/div><\/div><div class=\"vc_gitem-zone vc_gitem-zone-c vc_custom_1419240502350\"><div class=\"vc_gitem-zone-mini\"><div class=\"vc_gitem_row vc_row vc_gitem-row-position-top\"><div class=\"vc_col-sm-12 vc_gitem-col vc_gitem-col-align-\"><div class=\"vc_custom_heading vc_gitem-post-data vc_gitem-post-data-source-post_title\" ><h4 style=\"text-align: left\" >Le d\u00e9veloppement prend son envol chez Saut \u00e0 ski Canada avec l\u2019embauche de Drew Edwards<\/h4><\/div><div class=\"vc_custom_heading vc_gitem-post-data vc_gitem-post-data-source-post_excerpt\" ><p style=\"text-align: left\" ><p>En sa qualit\u00e9 de premier directeur du d\u00e9veloppement, Edwards se concentre sur la croissance du sport au niveau local et sur la cr\u00e9ation d\u2019un cheminement de performance CALGARY\u2014 Avec une [&hellip;]<\/p>\n<\/p><\/div><\/div><\/div><\/div><\/div><\/div><div class=\"vc_clearfix\"><\/div><\/div><div class=\"vc_grid-item vc_clearfix vc_col-sm-4 vc_grid-item-zone-c-bottom\"><div class=\"vc_grid-item-mini vc_clearfix \"><div class=\"vc_gitem-animated-block  vc_gitem-animate vc_gitem-animate-blurScaleOut\"  data-vc-animation=\"blurScaleOut\"><div class=\"vc_gitem-zone vc_gitem-zone-a vc-gitem-zone-height-mode-auto vc-gitem-zone-height-mode-auto-1-1\" style=\"background-image: url('https:\/\/skijumpingcanada.com\/wp-content\/uploads\/2023\/01\/Screen-Shot-2023-01-13-at-12.32.37-PM-1024x664.png') !important;\"><img decoding=\"async\" class=\"vc_gitem-zone-img\" src=\"https:\/\/skijumpingcanada.com\/wp-content\/uploads\/2023\/01\/Screen-Shot-2023-01-13-at-12.32.37-PM-1024x664.png\" alt=\"La Canadienne Alexandria Loutitt remporte la premi\u00e8re Coupe du monde f\u00e9minine de saut \u00e0 ski\"><div class=\"vc_gitem-zone-mini\"><\/div><\/div><div class=\"vc_gitem-zone vc_gitem-zone-b vc_custom_1419002895369 vc-gitem-zone-height-mode-auto vc_gitem-is-link\"><a href=\"https:\/\/skijumpingcanada.com\/wp-content\/uploads\/2023\/01\/Screen-Shot-2023-01-13-at-12.32.37-PM-1024x664.png\" title=\"La Canadienne Alexandria Loutitt remporte la premi\u00e8re Coupe du monde f\u00e9minine de saut \u00e0 ski\"  data-lightbox=\"lightbox[rel-4804-1906880849]\" data-vc-gitem-zone=\"prettyphotoLink\" class=\"vc_gitem-link prettyphoto vc-zone-link vc-prettyphoto-link\" ><\/a><div class=\"vc_gitem-zone-mini\"><\/div><\/div><\/div><div class=\"vc_gitem-zone vc_gitem-zone-c vc_custom_1419240502350\"><div class=\"vc_gitem-zone-mini\"><div class=\"vc_gitem_row vc_row vc_gitem-row-position-top\"><div class=\"vc_col-sm-12 vc_gitem-col vc_gitem-col-align-\"><div class=\"vc_custom_heading vc_gitem-post-data vc_gitem-post-data-source-post_title\" ><h4 style=\"text-align: left\" >La Canadienne Alexandria Loutitt remporte la premi\u00e8re Coupe du monde f\u00e9minine de saut \u00e0 ski<\/h4><\/div><div class=\"vc_custom_heading vc_gitem-post-data vc_gitem-post-data-source-post_excerpt\" ><p style=\"text-align: left\" ><p>Zao, Japon.- Alexandria Loutitt, de Calgary, a inscrit son nom dans les livres d\u2019histoire aujourd\u2019hui en remportant la toute premi\u00e8re Coupe du monde FIS de saut \u00e0 ski du Canada. [&hellip;]<\/p>\n<\/p><\/div><\/div><\/div><\/div><\/div><\/div><div class=\"vc_clearfix\"><\/div><\/div><div class=\"vc_grid-item vc_clearfix vc_col-sm-4 vc_grid-item-zone-c-bottom\"><div class=\"vc_grid-item-mini vc_clearfix \"><div class=\"vc_gitem-animated-block  vc_gitem-animate vc_gitem-animate-blurScaleOut\"  data-vc-animation=\"blurScaleOut\"><div class=\"vc_gitem-zone vc_gitem-zone-a vc-gitem-zone-height-mode-auto vc-gitem-zone-height-mode-auto-1-1\" style=\"background-image: url('https:\/\/skijumpingcanada.com\/wp-content\/uploads\/2023\/01\/abi-Podium-1024x645.jpg') !important;\"><img decoding=\"async\" class=\"vc_gitem-zone-img\" src=\"https:\/\/skijumpingcanada.com\/wp-content\/uploads\/2023\/01\/abi-Podium-1024x645.jpg\" alt=\"La Canadienne Abigail Strate monte vers le podium de sa premi\u00e8re Coupe du monde en carri\u00e8re\"><div class=\"vc_gitem-zone-mini\"><\/div><\/div><div class=\"vc_gitem-zone vc_gitem-zone-b vc_custom_1419002895369 vc-gitem-zone-height-mode-auto vc_gitem-is-link\"><a href=\"https:\/\/skijumpingcanada.com\/wp-content\/uploads\/2023\/01\/abi-Podium-1024x645.jpg\" title=\"La Canadienne Abigail Strate monte vers le podium de sa premi\u00e8re Coupe du monde en carri\u00e8re\"  data-lightbox=\"lightbox[rel-4804-1906880849]\" data-vc-gitem-zone=\"prettyphotoLink\" class=\"vc_gitem-link prettyphoto vc-zone-link vc-prettyphoto-link\" ><\/a><div class=\"vc_gitem-zone-mini\"><\/div><\/div><\/div><div class=\"vc_gitem-zone vc_gitem-zone-c vc_custom_1419240502350\"><div class=\"vc_gitem-zone-mini\"><div class=\"vc_gitem_row vc_row vc_gitem-row-position-top\"><div class=\"vc_col-sm-12 vc_gitem-col vc_gitem-col-align-\"><div class=\"vc_custom_heading vc_gitem-post-data vc_gitem-post-data-source-post_title\" ><h4 style=\"text-align: left\" >La Canadienne Abigail Strate monte vers le podium de sa premi\u00e8re Coupe du monde en carri\u00e8re<\/h4><\/div><div class=\"vc_custom_heading vc_gitem-post-data vc_gitem-post-data-source-post_excerpt\" ><p style=\"text-align: left\" ><p>Hinterzarten, Allemagne.- Abigail Strate a termin\u00e9 sa journ\u00e9e en troisi\u00e8me place en d\u00e9crochant son tout premier podium en Coupe du monde FIS de saut \u00e0 ski sur le HS111. Apr\u00e8s [&hellip;]<\/p>\n<\/p><\/div><\/div><\/div><\/div><\/div><\/div><div class=\"vc_clearfix\"><\/div><\/div><div class=\"vc_grid-item vc_clearfix vc_col-sm-4 vc_grid-item-zone-c-bottom\"><div class=\"vc_grid-item-mini vc_clearfix \"><div class=\"vc_gitem-animated-block  vc_gitem-animate vc_gitem-animate-blurScaleOut\"  data-vc-animation=\"blurScaleOut\"><div class=\"vc_gitem-zone vc_gitem-zone-a vc-gitem-zone-height-mode-auto vc-gitem-zone-height-mode-auto-1-1\" style=\"background-image: url('https:\/\/skijumpingcanada.com\/wp-content\/uploads\/2023\/01\/Abuse-Free-Sport.jpg') !important;\"><img decoding=\"async\" class=\"vc_gitem-zone-img\" src=\"https:\/\/skijumpingcanada.com\/wp-content\/uploads\/2023\/01\/Abuse-Free-Sport.jpg\" alt=\"SAUT \u00c0 SKI CANADA SE JOINT AU PROGRAMME SPORT SANS ABUS LE 31 JANVIER 2023\"><div class=\"vc_gitem-zone-mini\"><\/div><\/div><div class=\"vc_gitem-zone vc_gitem-zone-b vc_custom_1419002895369 vc-gitem-zone-height-mode-auto vc_gitem-is-link\"><a href=\"https:\/\/skijumpingcanada.com\/wp-content\/uploads\/2023\/01\/Abuse-Free-Sport.jpg\" title=\"SAUT \u00c0 SKI CANADA SE JOINT AU PROGRAMME SPORT SANS ABUS LE 31 JANVIER 2023\"  data-lightbox=\"lightbox[rel-4804-1906880849]\" data-vc-gitem-zone=\"prettyphotoLink\" class=\"vc_gitem-link prettyphoto vc-zone-link vc-prettyphoto-link\" ><\/a><div class=\"vc_gitem-zone-mini\"><\/div><\/div><\/div><div class=\"vc_gitem-zone vc_gitem-zone-c vc_custom_1419240502350\"><div class=\"vc_gitem-zone-mini\"><div class=\"vc_gitem_row vc_row vc_gitem-row-position-top\"><div class=\"vc_col-sm-12 vc_gitem-col vc_gitem-col-align-\"><div class=\"vc_custom_heading vc_gitem-post-data vc_gitem-post-data-source-post_title\" ><h4 style=\"text-align: left\" >SAUT \u00c0 SKI CANADA SE JOINT AU PROGRAMME SPORT SANS ABUS LE 31 JANVIER 2023<\/h4><\/div><div class=\"vc_custom_heading vc_gitem-post-data vc_gitem-post-data-source-post_excerpt\" ><p style=\"text-align: left\" ><p>Saut \u00e0 Ski Canada est fier d\u2019annoncer la signature d\u2019une entente pour se joindre \u00e0 Sport SansAbus, le nouveau programme ind\u00e9pendant pour pr\u00e9venir et contrer la maltraitance dans lesport. Saut [&hellip;]<\/p>\n<\/p><\/div><\/div><\/div><\/div><\/div><\/div><div class=\"vc_clearfix\"><\/div><\/div><div class=\"vc_grid-item vc_clearfix vc_col-sm-4 vc_grid-item-zone-c-bottom\"><div class=\"vc_grid-item-mini vc_clearfix \"><div class=\"vc_gitem-animated-block  vc_gitem-animate vc_gitem-animate-blurScaleOut\"  data-vc-animation=\"blurScaleOut\"><div class=\"vc_gitem-zone vc_gitem-zone-a vc-gitem-zone-height-mode-auto vc-gitem-zone-height-mode-auto-1-1\" style=\"background-image: url('https:\/\/skijumpingcanada.com\/wp-content\/uploads\/2023\/01\/Ski-Jumpers.webp') !important;\"><img decoding=\"async\" class=\"vc_gitem-zone-img\" src=\"https:\/\/skijumpingcanada.com\/wp-content\/uploads\/2023\/01\/Ski-Jumpers.webp\" alt=\"Les sauteurs \u00e0 ski canadiens volent toujours haut en Europe\"><div class=\"vc_gitem-zone-mini\"><\/div><\/div><div class=\"vc_gitem-zone vc_gitem-zone-b vc_custom_1419002895369 vc-gitem-zone-height-mode-auto vc_gitem-is-link\"><a href=\"https:\/\/skijumpingcanada.com\/wp-content\/uploads\/2023\/01\/Ski-Jumpers.webp\" title=\"Les sauteurs \u00e0 ski canadiens volent toujours haut en Europe\"  data-lightbox=\"lightbox[rel-4804-1906880849]\" data-vc-gitem-zone=\"prettyphotoLink\" class=\"vc_gitem-link prettyphoto vc-zone-link vc-prettyphoto-link\" ><\/a><div class=\"vc_gitem-zone-mini\"><\/div><\/div><\/div><div class=\"vc_gitem-zone vc_gitem-zone-c vc_custom_1419240502350\"><div class=\"vc_gitem-zone-mini\"><div class=\"vc_gitem_row vc_row vc_gitem-row-position-top\"><div class=\"vc_col-sm-12 vc_gitem-col vc_gitem-col-align-\"><div class=\"vc_custom_heading vc_gitem-post-data vc_gitem-post-data-source-post_title\" ><h4 style=\"text-align: left\" >Les sauteurs \u00e0 ski canadiens volent toujours haut en Europe<\/h4><\/div><div class=\"vc_custom_heading vc_gitem-post-data vc_gitem-post-data-source-post_excerpt\" ><p style=\"text-align: left\" ><p>Auteur de l\u2019article : Dan Barnes \u2022 Postmedia Les Canadiennes qui ont pris conscience du pays lors des Jeux olympiques de Beijing l\u2019an dernier volent toujours haut 10 mois plus [&hellip;]<\/p>\n<\/p><\/div><\/div><\/div><\/div><\/div><\/div><div class=\"vc_clearfix\"><\/div><\/div><div class=\"vc_grid-item vc_clearfix vc_col-sm-4 vc_grid-item-zone-c-bottom\"><div class=\"vc_grid-item-mini vc_clearfix \"><div class=\"vc_gitem-animated-block  vc_gitem-animate vc_gitem-animate-blurScaleOut\"  data-vc-animation=\"blurScaleOut\"><div class=\"vc_gitem-zone vc_gitem-zone-a vc-gitem-zone-height-mode-auto vc-gitem-zone-height-mode-auto-1-1\" style=\"background-image: url('https:\/\/skijumpingcanada.com\/wp-content\/uploads\/2022\/11\/DSC_2649-681x1024.jpg') !important;\"><img decoding=\"async\" class=\"vc_gitem-zone-img\" src=\"https:\/\/skijumpingcanada.com\/wp-content\/uploads\/2022\/11\/DSC_2649-681x1024.jpg\" alt=\"L\u2019entra\u00eeneure-chef f\u00e9minine de CJS re\u00e7oit le Prix d\u2019excellence Petro-Canada 2022\"><div class=\"vc_gitem-zone-mini\"><\/div><\/div><div class=\"vc_gitem-zone vc_gitem-zone-b vc_custom_1419002895369 vc-gitem-zone-height-mode-auto vc_gitem-is-link\"><a href=\"https:\/\/skijumpingcanada.com\/wp-content\/uploads\/2022\/11\/DSC_2649-681x1024.jpg\" title=\"L\u2019entra\u00eeneure-chef f\u00e9minine de CJS re\u00e7oit le Prix d\u2019excellence Petro-Canada 2022\"  data-lightbox=\"lightbox[rel-4804-1906880849]\" data-vc-gitem-zone=\"prettyphotoLink\" class=\"vc_gitem-link prettyphoto vc-zone-link vc-prettyphoto-link\" ><\/a><div class=\"vc_gitem-zone-mini\"><\/div><\/div><\/div><div class=\"vc_gitem-zone vc_gitem-zone-c vc_custom_1419240502350\"><div class=\"vc_gitem-zone-mini\"><div class=\"vc_gitem_row vc_row vc_gitem-row-position-top\"><div class=\"vc_col-sm-12 vc_gitem-col vc_gitem-col-align-\"><div class=\"vc_custom_heading vc_gitem-post-data vc_gitem-post-data-source-post_title\" ><h4 style=\"text-align: left\" >L\u2019entra\u00eeneure-chef f\u00e9minine de CJS re\u00e7oit le Prix d\u2019excellence Petro-Canada 2022<\/h4><\/div><div class=\"vc_custom_heading vc_gitem-post-data vc_gitem-post-data-source-post_excerpt\" ><p style=\"text-align: left\" ><p>F\u00e9licitations \u00e0 l\u2019entra\u00eeneur-chef f\u00e9minin de saut \u00e0 ski du Canada, Janko Zwitter, qui a re\u00e7u le Prix d\u2019excellence Petro-Canada pour entra\u00eeneurs Petro-Canada reconna\u00eetra 46 entra\u00eeneurs de 20 sports uniques avec [&hellip;]<\/p>\n<\/p><\/div><\/div><\/div><\/div><\/div><\/div><div class=\"vc_clearfix\"><\/div><\/div><div class=\"vc_grid-item vc_clearfix vc_col-sm-4 vc_grid-item-zone-c-bottom\"><div class=\"vc_grid-item-mini vc_clearfix \"><div class=\"vc_gitem-animated-block  vc_gitem-animate vc_gitem-animate-blurScaleOut\"  data-vc-animation=\"blurScaleOut\"><div class=\"vc_gitem-zone vc_gitem-zone-a vc-gitem-zone-height-mode-auto vc-gitem-zone-height-mode-auto-1-1\" style=\"background-image: url('https:\/\/skijumpingcanada.com\/wp-content\/uploads\/2020\/07\/Nordic-Sports.jpg') !important;\"><img decoding=\"async\" class=\"vc_gitem-zone-img\" src=\"https:\/\/skijumpingcanada.com\/wp-content\/uploads\/2020\/07\/Nordic-Sports.jpg\" alt=\"La nouvelle vision du Sport Nordique au Canada fera l'objet d'un examen d'experts et d'une consultation de la communaut\u00e9\ufffc\"><div class=\"vc_gitem-zone-mini\"><\/div><\/div><div class=\"vc_gitem-zone vc_gitem-zone-b vc_custom_1419002895369 vc-gitem-zone-height-mode-auto vc_gitem-is-link\"><a href=\"https:\/\/skijumpingcanada.com\/wp-content\/uploads\/2020\/07\/Nordic-Sports.jpg\" title=\"La nouvelle vision du Sport Nordique au Canada fera l&#8217;objet d&#8217;un examen d&#8217;experts et d&#8217;une consultation de la communaut\u00e9\ufffc\"  data-lightbox=\"lightbox[rel-4804-1906880849]\" data-vc-gitem-zone=\"prettyphotoLink\" class=\"vc_gitem-link prettyphoto vc-zone-link vc-prettyphoto-link\" ><\/a><div class=\"vc_gitem-zone-mini\"><\/div><\/div><\/div><div class=\"vc_gitem-zone vc_gitem-zone-c vc_custom_1419240502350\"><div class=\"vc_gitem-zone-mini\"><div class=\"vc_gitem_row vc_row vc_gitem-row-position-top\"><div class=\"vc_col-sm-12 vc_gitem-col vc_gitem-col-align-\"><div class=\"vc_custom_heading vc_gitem-post-data vc_gitem-post-data-source-post_title\" ><h4 style=\"text-align: left\" >La nouvelle vision du Sport Nordique au Canada fera l&#8217;objet d&#8217;un examen d&#8217;experts et d&#8217;une consultation de la communaut\u00e9\ufffc<\/h4><\/div><div class=\"vc_custom_heading vc_gitem-post-data vc_gitem-post-data-source-post_excerpt\" ><p style=\"text-align: left\" ><p>CANMORE, Alberta \u2013 La proposition visant \u00e0 r\u00e9unir les quatre disciplines nordiques du Canada est entr\u00e9e dans une nouvelle phase importante. Une \u00e9quipe d\u2019experts a \u00e9t\u00e9 embauch\u00e9e afin de mener [&hellip;]<\/p>\n<\/p><\/div><\/div><\/div><\/div><\/div><\/div><div class=\"vc_clearfix\"><\/div><\/div><div class=\"vc_grid-item vc_clearfix vc_col-sm-4 vc_grid-item-zone-c-bottom\"><div class=\"vc_grid-item-mini vc_clearfix \"><div class=\"vc_gitem-animated-block  vc_gitem-animate vc_gitem-animate-blurScaleOut\"  data-vc-animation=\"blurScaleOut\"><div class=\"vc_gitem-zone vc_gitem-zone-a vc-gitem-zone-height-mode-auto vc-gitem-zone-height-mode-auto-1-1\" style=\"background-image: url('https:\/\/skijumpingcanada.com\/wp-content\/uploads\/2022\/02\/Abi-Normal-Hill-copy-819x1024.jpg') !important;\"><img decoding=\"async\" class=\"vc_gitem-zone-img\" src=\"https:\/\/skijumpingcanada.com\/wp-content\/uploads\/2022\/02\/Abi-Normal-Hill-copy-819x1024.jpg\" alt=\"Abigail Strate et Alexandria Loutitt font leurs d\u00e9buts olympiques dans l\u2019\u00e9preuve individuelle f\u00e9minine de saut \u00e0 ski en pente normale\"><div class=\"vc_gitem-zone-mini\"><\/div><\/div><div class=\"vc_gitem-zone vc_gitem-zone-b vc_custom_1419002895369 vc-gitem-zone-height-mode-auto vc_gitem-is-link\"><a href=\"https:\/\/skijumpingcanada.com\/wp-content\/uploads\/2022\/02\/Abi-Normal-Hill-copy-819x1024.jpg\" title=\"Abigail Strate et Alexandria Loutitt font leurs d\u00e9buts olympiques dans l\u2019\u00e9preuve individuelle f\u00e9minine de saut \u00e0 ski en pente normale\"  data-lightbox=\"lightbox[rel-4804-1906880849]\" data-vc-gitem-zone=\"prettyphotoLink\" class=\"vc_gitem-link prettyphoto vc-zone-link vc-prettyphoto-link\" ><\/a><div class=\"vc_gitem-zone-mini\"><\/div><\/div><\/div><div class=\"vc_gitem-zone vc_gitem-zone-c vc_custom_1419240502350\"><div class=\"vc_gitem-zone-mini\"><div class=\"vc_gitem_row vc_row vc_gitem-row-position-top\"><div class=\"vc_col-sm-12 vc_gitem-col vc_gitem-col-align-\"><div class=\"vc_custom_heading vc_gitem-post-data vc_gitem-post-data-source-post_title\" ><h4 style=\"text-align: left\" >Abigail Strate et Alexandria Loutitt font leurs d\u00e9buts olympiques dans l\u2019\u00e9preuve individuelle f\u00e9minine de saut \u00e0 ski en pente normale<\/h4><\/div><div class=\"vc_custom_heading vc_gitem-post-data vc_gitem-post-data-source-post_excerpt\" ><p style=\"text-align: left\" ><p>BEIJING, Chn- Abigail Strate termine dans le top 30 \u00e0 ses d\u00e9buts olympiques. La Canadienne de 20 ans a termin\u00e9 l\u2019\u00e9preuve individuelle f\u00e9minine en c\u00f4te normale avec 161,9 points, ce [&hellip;]<\/p>\n<\/p><\/div><\/div><\/div><\/div><\/div><\/div><div class=\"vc_clearfix\"><\/div><\/div><div class=\"vc_grid-item vc_clearfix vc_col-sm-4 vc_grid-item-zone-c-bottom\"><div class=\"vc_grid-item-mini vc_clearfix \"><div class=\"vc_gitem-animated-block  vc_gitem-animate vc_gitem-animate-blurScaleOut\"  data-vc-animation=\"blurScaleOut\"><div class=\"vc_gitem-zone vc_gitem-zone-a vc-gitem-zone-height-mode-auto vc-gitem-zone-height-mode-auto-1-1\" style=\"background-image: url('https:\/\/skijumpingcanada.com\/wp-content\/uploads\/2022\/01\/Mac-Oly-1024x518.jpg') !important;\"><img decoding=\"async\" class=\"vc_gitem-zone-img\" src=\"https:\/\/skijumpingcanada.com\/wp-content\/uploads\/2022\/01\/Mac-Oly-1024x518.jpg\" alt=\"Quatre Calgariens nomm\u00e9s pour participer aux \u00e9preuves de saut \u00e0 ski \u00e0 Beijing 2022\"><div class=\"vc_gitem-zone-mini\"><\/div><\/div><div class=\"vc_gitem-zone vc_gitem-zone-b vc_custom_1419002895369 vc-gitem-zone-height-mode-auto vc_gitem-is-link\"><a href=\"https:\/\/skijumpingcanada.com\/wp-content\/uploads\/2022\/01\/Mac-Oly-1024x518.jpg\" title=\"Quatre Calgariens nomm\u00e9s pour participer aux \u00e9preuves de saut \u00e0 ski \u00e0 Beijing 2022\"  data-lightbox=\"lightbox[rel-4804-1906880849]\" data-vc-gitem-zone=\"prettyphotoLink\" class=\"vc_gitem-link prettyphoto vc-zone-link vc-prettyphoto-link\" ><\/a><div class=\"vc_gitem-zone-mini\"><\/div><\/div><\/div><div class=\"vc_gitem-zone vc_gitem-zone-c vc_custom_1419240502350\"><div class=\"vc_gitem-zone-mini\"><div class=\"vc_gitem_row vc_row vc_gitem-row-position-top\"><div class=\"vc_col-sm-12 vc_gitem-col vc_gitem-col-align-\"><div class=\"vc_custom_heading vc_gitem-post-data vc_gitem-post-data-source-post_title\" ><h4 style=\"text-align: left\" >Quatre Calgariens nomm\u00e9s pour participer aux \u00e9preuves de saut \u00e0 ski \u00e0 Beijing 2022<\/h4><\/div><div class=\"vc_custom_heading vc_gitem-post-data vc_gitem-post-data-source-post_excerpt\" ><p style=\"text-align: left\" ><p>CALGARY (21 janvier 2022) \u2013 Saut \u00e0 ski Canada et le Comit\u00e9 olympique canadien ont nomm\u00e9 quatre athl\u00e8tes pour participer aux \u00e9preuves de saut \u00e0 ski aux Jeux olympiques d\u2019hiver [&hellip;]<\/p>\n<\/p><\/div><\/div><\/div><\/div><\/div><\/div><div class=\"vc_clearfix\"><\/div><\/div><div class=\"vc_grid-item vc_clearfix vc_col-sm-4 vc_grid-item-zone-c-bottom\"><div class=\"vc_grid-item-mini vc_clearfix \"><div class=\"vc_gitem-animated-block  vc_gitem-animate vc_gitem-animate-blurScaleOut\"  data-vc-animation=\"blurScaleOut\"><div class=\"vc_gitem-zone vc_gitem-zone-a vc-gitem-zone-height-mode-auto vc-gitem-zone-height-mode-auto-1-1\" style=\"background-image: url('https:\/\/skijumpingcanada.com\/wp-content\/uploads\/2021\/07\/Kardas-Olympics.jpg') !important;\"><img decoding=\"async\" class=\"vc_gitem-zone-img\" src=\"https:\/\/skijumpingcanada.com\/wp-content\/uploads\/2021\/07\/Kardas-Olympics.jpg\" alt=\"1945 - 2021 Slavomir Kardas\"><div class=\"vc_gitem-zone-mini\"><\/div><\/div><div class=\"vc_gitem-zone vc_gitem-zone-b vc_custom_1419002895369 vc-gitem-zone-height-mode-auto vc_gitem-is-link\"><a href=\"https:\/\/skijumpingcanada.com\/wp-content\/uploads\/2021\/07\/Kardas-Olympics.jpg\" title=\"1945 &#8211; 2021 Slavomir Kardas\"  data-lightbox=\"lightbox[rel-4804-1906880849]\" data-vc-gitem-zone=\"prettyphotoLink\" class=\"vc_gitem-link prettyphoto vc-zone-link vc-prettyphoto-link\" ><\/a><div class=\"vc_gitem-zone-mini\"><\/div><\/div><\/div><div class=\"vc_gitem-zone vc_gitem-zone-c vc_custom_1419240502350\"><div class=\"vc_gitem-zone-mini\"><div class=\"vc_gitem_row vc_row vc_gitem-row-position-top\"><div class=\"vc_col-sm-12 vc_gitem-col vc_gitem-col-align-\"><div class=\"vc_custom_heading vc_gitem-post-data vc_gitem-post-data-source-post_title\" ><h4 style=\"text-align: left\" >1945 &#8211; 2021 Slavomir Kardas<\/h4><\/div><div class=\"vc_custom_heading vc_gitem-post-data vc_gitem-post-data-source-post_excerpt\" ><p style=\"text-align: left\" ><p>Slavomir Kardas est d\u00e9c\u00e9d\u00e9 cette semaine \u00e0 Thunder Bay \u00e0 l\u2019\u00e2ge de 76 ans. Au cours des ann\u00e9es 1970 et 1980, il a jou\u00e9 un r\u00f4le d\u00e9terminant dans le d\u00e9veloppement [&hellip;]<\/p>\n<\/p><\/div><\/div><\/div><\/div><\/div><\/div><div class=\"vc_clearfix\"><\/div><\/div><div class=\"vc_grid-item vc_clearfix vc_col-sm-4 vc_grid-item-zone-c-bottom\"><div class=\"vc_grid-item-mini vc_clearfix \"><div class=\"vc_gitem-animated-block  vc_gitem-animate vc_gitem-animate-blurScaleOut\"  data-vc-animation=\"blurScaleOut\"><div class=\"vc_gitem-zone vc_gitem-zone-a vc-gitem-zone-height-mode-auto vc-gitem-zone-height-mode-auto-1-1\" style=\"background-image: url('https:\/\/skijumpingcanada.com\/wp-content\/uploads\/2021\/06\/Janko-Zwitter-Picture.jpg') !important;\"><img decoding=\"async\" class=\"vc_gitem-zone-img\" src=\"https:\/\/skijumpingcanada.com\/wp-content\/uploads\/2021\/06\/Janko-Zwitter-Picture.jpg\" alt=\"Saut \u00e0 ski Canada annonce la nomination d\u2019un nouvel entra\u00eeneur-chef et d\u2019un nouvel entra\u00eeneur adjoint pour l\u2019\u00e9quipe f\u00e9minine\"><div class=\"vc_gitem-zone-mini\"><\/div><\/div><div class=\"vc_gitem-zone vc_gitem-zone-b vc_custom_1419002895369 vc-gitem-zone-height-mode-auto vc_gitem-is-link\"><a href=\"https:\/\/skijumpingcanada.com\/wp-content\/uploads\/2021\/06\/Janko-Zwitter-Picture.jpg\" title=\"Saut \u00e0 ski Canada annonce la nomination d\u2019un nouvel entra\u00eeneur-chef et d\u2019un nouvel entra\u00eeneur adjoint pour l\u2019\u00e9quipe f\u00e9minine\"  data-lightbox=\"lightbox[rel-4804-1906880849]\" data-vc-gitem-zone=\"prettyphotoLink\" class=\"vc_gitem-link prettyphoto vc-zone-link vc-prettyphoto-link\" ><\/a><div class=\"vc_gitem-zone-mini\"><\/div><\/div><\/div><div class=\"vc_gitem-zone vc_gitem-zone-c vc_custom_1419240502350\"><div class=\"vc_gitem-zone-mini\"><div class=\"vc_gitem_row vc_row vc_gitem-row-position-top\"><div class=\"vc_col-sm-12 vc_gitem-col vc_gitem-col-align-\"><div class=\"vc_custom_heading vc_gitem-post-data vc_gitem-post-data-source-post_title\" ><h4 style=\"text-align: left\" >Saut \u00e0 ski Canada annonce la nomination d\u2019un nouvel entra\u00eeneur-chef et d\u2019un nouvel entra\u00eeneur adjoint pour l\u2019\u00e9quipe f\u00e9minine<\/h4><\/div><div class=\"vc_custom_heading vc_gitem-post-data vc_gitem-post-data-source-post_excerpt\" ><p style=\"text-align: left\" ><p>Calgary Alberta, le 3 juin 2021 \u2013 Janko Zwitter est la nouvelle entra\u00eeneure-chef nomm\u00e9e de l\u2019\u00e9quipe nationale f\u00e9minine de saut \u00e0 ski. Situ\u00e9 en Europe, Zwitter travaillera avec le nouvel [&hellip;]<\/p>\n<\/p><\/div><\/div><\/div><\/div><\/div><\/div><div class=\"vc_clearfix\"><\/div><\/div><div class=\"vc_grid-item vc_clearfix vc_col-sm-4 vc_grid-item-zone-c-bottom\"><div class=\"vc_grid-item-mini vc_clearfix \"><div class=\"vc_gitem-animated-block  vc_gitem-animate vc_gitem-animate-blurScaleOut\"  data-vc-animation=\"blurScaleOut\"><div class=\"vc_gitem-zone vc_gitem-zone-a vc-gitem-zone-height-mode-auto vc-gitem-zone-height-mode-auto-1-1\" style=\"background-image: url('https:\/\/skijumpingcanada.com\/wp-content\/uploads\/2021\/04\/Jean.jpg') !important;\"><img decoding=\"async\" class=\"vc_gitem-zone-img\" src=\"https:\/\/skijumpingcanada.com\/wp-content\/uploads\/2021\/04\/Jean.jpg\" alt=\"Le saut \u00e0 ski pourrait revivre rapidement en Outaouais\"><div class=\"vc_gitem-zone-mini\"><\/div><\/div><div class=\"vc_gitem-zone vc_gitem-zone-b vc_custom_1419002895369 vc-gitem-zone-height-mode-auto vc_gitem-is-link\"><a href=\"https:\/\/skijumpingcanada.com\/wp-content\/uploads\/2021\/04\/Jean.jpg\" title=\"Le saut \u00e0 ski pourrait revivre rapidement en Outaouais\"  data-lightbox=\"lightbox[rel-4804-1906880849]\" data-vc-gitem-zone=\"prettyphotoLink\" class=\"vc_gitem-link prettyphoto vc-zone-link vc-prettyphoto-link\" ><\/a><div class=\"vc_gitem-zone-mini\"><\/div><\/div><\/div><div class=\"vc_gitem-zone vc_gitem-zone-c vc_custom_1419240502350\"><div class=\"vc_gitem-zone-mini\"><div class=\"vc_gitem_row vc_row vc_gitem-row-position-top\"><div class=\"vc_col-sm-12 vc_gitem-col vc_gitem-col-align-\"><div class=\"vc_custom_heading vc_gitem-post-data vc_gitem-post-data-source-post_title\" ><h4 style=\"text-align: left\" >Le saut \u00e0 ski pourrait revivre rapidement en Outaouais<\/h4><\/div><div class=\"vc_custom_heading vc_gitem-post-data vc_gitem-post-data-source-post_excerpt\" ><p style=\"text-align: left\" ><p>Le saut \u00e0 ski pourrait revivre rapidement en Outaouais Le saut \u00e0 ski pourrait bient\u00f4t revivre en Outaouais. L\u2019ancien athl\u00e8te, entra\u00eeneur et analyste, Jean S\u00e9guin, travaille depuis des mois pour [&hellip;]<\/p>\n<\/p><\/div><\/div><\/div><\/div><\/div><\/div><div class=\"vc_clearfix\"><\/div><\/div><div class=\"vc_grid-item vc_clearfix vc_col-sm-4 vc_grid-item-zone-c-bottom\"><div class=\"vc_grid-item-mini vc_clearfix \"><div class=\"vc_gitem-animated-block  vc_gitem-animate vc_gitem-animate-blurScaleOut\"  data-vc-animation=\"blurScaleOut\"><div class=\"vc_gitem-zone vc_gitem-zone-a vc-gitem-zone-height-mode-auto vc-gitem-zone-height-mode-auto-1-1\" style=\"background-image: url('https:\/\/skijumpingcanada.com\/wp-content\/uploads\/2021\/02\/IMG-20210223-WA0078-1024x768.jpg') !important;\"><img decoding=\"async\" class=\"vc_gitem-zone-img\" src=\"https:\/\/skijumpingcanada.com\/wp-content\/uploads\/2021\/02\/IMG-20210223-WA0078-1024x768.jpg\" alt=\"SJC pleure la perte de John Heilig\"><div class=\"vc_gitem-zone-mini\"><\/div><\/div><div class=\"vc_gitem-zone vc_gitem-zone-b vc_custom_1419002895369 vc-gitem-zone-height-mode-auto vc_gitem-is-link\"><a href=\"https:\/\/skijumpingcanada.com\/wp-content\/uploads\/2021\/02\/IMG-20210223-WA0078-1024x768.jpg\" title=\"SJC pleure la perte de John Heilig\"  data-lightbox=\"lightbox[rel-4804-1906880849]\" data-vc-gitem-zone=\"prettyphotoLink\" class=\"vc_gitem-link prettyphoto vc-zone-link vc-prettyphoto-link\" ><\/a><div class=\"vc_gitem-zone-mini\"><\/div><\/div><\/div><div class=\"vc_gitem-zone vc_gitem-zone-c vc_custom_1419240502350\"><div class=\"vc_gitem-zone-mini\"><div class=\"vc_gitem_row vc_row vc_gitem-row-position-top\"><div class=\"vc_col-sm-12 vc_gitem-col vc_gitem-col-align-\"><div class=\"vc_custom_heading vc_gitem-post-data vc_gitem-post-data-source-post_title\" ><h4 style=\"text-align: left\" >SJC pleure la perte de John Heilig<\/h4><\/div><div class=\"vc_custom_heading vc_gitem-post-data vc_gitem-post-data-source-post_excerpt\" ><p style=\"text-align: left\" ><p>C\u2019est avec une grande tristesse et un grand c\u0153ur que nous avons appris le d\u00e9c\u00e8s soudain de John Heilig lors de son travail alors qu\u2019il \u00e9tait en mission \u00e0 P\u00e9kin [&hellip;]<\/p>\n<\/p><\/div><\/div><\/div><\/div><\/div><\/div><div class=\"vc_clearfix\"><\/div><\/div><div class=\"vc_grid-item vc_clearfix vc_col-sm-4 vc_grid-item-zone-c-bottom\"><div class=\"vc_grid-item-mini vc_clearfix \"><div class=\"vc_gitem-animated-block  vc_gitem-animate vc_gitem-animate-blurScaleOut\"  data-vc-animation=\"blurScaleOut\"><div class=\"vc_gitem-zone vc_gitem-zone-a vc-gitem-zone-height-mode-auto vc-gitem-zone-height-mode-auto-1-1\" style=\"background-image: url('https:\/\/skijumpingcanada.com\/wp-content\/uploads\/2021\/02\/Steve-Jumping.jpg') !important;\"><img decoding=\"async\" class=\"vc_gitem-zone-img\" src=\"https:\/\/skijumpingcanada.com\/wp-content\/uploads\/2021\/02\/Steve-Jumping.jpg\" alt=\"Une chance pour les autres de toucher le ciel\"><div class=\"vc_gitem-zone-mini\"><\/div><\/div><div class=\"vc_gitem-zone vc_gitem-zone-b vc_custom_1419002895369 vc-gitem-zone-height-mode-auto vc_gitem-is-link\"><a href=\"https:\/\/skijumpingcanada.com\/wp-content\/uploads\/2021\/02\/Steve-Jumping.jpg\" title=\"Une chance pour les autres de toucher le ciel\"  data-lightbox=\"lightbox[rel-4804-1906880849]\" data-vc-gitem-zone=\"prettyphotoLink\" class=\"vc_gitem-link prettyphoto vc-zone-link vc-prettyphoto-link\" ><\/a><div class=\"vc_gitem-zone-mini\"><\/div><\/div><\/div><div class=\"vc_gitem-zone vc_gitem-zone-c vc_custom_1419240502350\"><div class=\"vc_gitem-zone-mini\"><div class=\"vc_gitem_row vc_row vc_gitem-row-position-top\"><div class=\"vc_col-sm-12 vc_gitem-col vc_gitem-col-align-\"><div class=\"vc_custom_heading vc_gitem-post-data vc_gitem-post-data-source-post_title\" ><h4 style=\"text-align: left\" >Une chance pour les autres de toucher le ciel<\/h4><\/div><div class=\"vc_custom_heading vc_gitem-post-data vc_gitem-post-data-source-post_excerpt\" ><p style=\"text-align: left\" ><p>Steve Collins cherche \u00e0 relancer le saut \u00e0 ski pour les jeunes de la r\u00e9gion The Walleye Magazine 1 f\u00e9v 2021 par Justin Allec Il y avait beaucoup de choses [&hellip;]<\/p>\n<\/p><\/div><\/div><\/div><\/div><\/div><\/div><div class=\"vc_clearfix\"><\/div><\/div><div class=\"vc_grid-item vc_clearfix vc_col-sm-4 vc_grid-item-zone-c-bottom\"><div class=\"vc_grid-item-mini vc_clearfix \"><div class=\"vc_gitem-animated-block  vc_gitem-animate vc_gitem-animate-blurScaleOut\"  data-vc-animation=\"blurScaleOut\"><div class=\"vc_gitem-zone vc_gitem-zone-a vc-gitem-zone-height-mode-auto vc-gitem-zone-height-mode-auto-1-1\" style=\"background-image: url('https:\/\/skijumpingcanada.com\/wp-content\/uploads\/2020\/01\/CSA-logo.jpg') !important;\"><img decoding=\"async\" class=\"vc_gitem-zone-img\" src=\"https:\/\/skijumpingcanada.com\/wp-content\/uploads\/2020\/01\/CSA-logo.jpg\" alt=\"Al Maddox est laur\u00e9at du prix comm\u00e9moratif Patricia Ramage\"><div class=\"vc_gitem-zone-mini\"><\/div><\/div><div class=\"vc_gitem-zone vc_gitem-zone-b vc_custom_1419002895369 vc-gitem-zone-height-mode-auto vc_gitem-is-link\"><a href=\"https:\/\/skijumpingcanada.com\/wp-content\/uploads\/2020\/01\/CSA-logo.jpg\" title=\"Al Maddox est laur\u00e9at du prix comm\u00e9moratif Patricia Ramage\"  data-lightbox=\"lightbox[rel-4804-1906880849]\" data-vc-gitem-zone=\"prettyphotoLink\" class=\"vc_gitem-link prettyphoto vc-zone-link vc-prettyphoto-link\" ><\/a><div class=\"vc_gitem-zone-mini\"><\/div><\/div><\/div><div class=\"vc_gitem-zone vc_gitem-zone-c vc_custom_1419240502350\"><div class=\"vc_gitem-zone-mini\"><div class=\"vc_gitem_row vc_row vc_gitem-row-position-top\"><div class=\"vc_col-sm-12 vc_gitem-col vc_gitem-col-align-\"><div class=\"vc_custom_heading vc_gitem-post-data vc_gitem-post-data-source-post_title\" ><h4 style=\"text-align: left\" >Al Maddox est laur\u00e9at du prix comm\u00e9moratif Patricia Ramage<\/h4><\/div><div class=\"vc_custom_heading vc_gitem-post-data vc_gitem-post-data-source-post_excerpt\" ><p style=\"text-align: left\" ><p>Les sports de neige canadiens soulignent son leadership extraordinaire \u00e0 titre de b\u00e9n\u00e9vole du comit\u00e9 de la FIS Vancouver \u2013 Aujourd\u2019hui, l\u2019Association canadienne de ski et de surf des neiges [&hellip;]<\/p>\n<\/p><\/div><\/div><\/div><\/div><\/div><\/div><div class=\"vc_clearfix\"><\/div><\/div><div class=\"vc_grid-item vc_clearfix vc_col-sm-4 vc_grid-item-zone-c-bottom\"><div class=\"vc_grid-item-mini vc_clearfix \"><div class=\"vc_gitem-animated-block  vc_gitem-animate vc_gitem-animate-blurScaleOut\"  data-vc-animation=\"blurScaleOut\"><div class=\"vc_gitem-zone vc_gitem-zone-a vc-gitem-zone-height-mode-auto vc-gitem-zone-height-mode-auto-1-1\" style=\"background-image: url('https:\/\/skijumpingcanada.com\/wp-content\/uploads\/2020\/12\/Via-Sport-BCSJNCS-1024x493.jpg') !important;\"><img decoding=\"async\" class=\"vc_gitem-zone-img\" src=\"https:\/\/skijumpingcanada.com\/wp-content\/uploads\/2020\/12\/Via-Sport-BCSJNCS-1024x493.jpg\" alt=\"Photo par: Brian Aikens\"><div class=\"vc_gitem-zone-mini\"><\/div><\/div><div class=\"vc_gitem-zone vc_gitem-zone-b vc_custom_1419002895369 vc-gitem-zone-height-mode-auto vc_gitem-is-link\"><a href=\"https:\/\/skijumpingcanada.com\/wp-content\/uploads\/2020\/12\/Via-Sport-BCSJNCS-1024x493.jpg\" title=\"viaSport accueille la BC Ski Jumping and Nordic Combined Society en tant qu\u2019organisation sportive provinciale affili\u00e9e\"  data-lightbox=\"lightbox[rel-4804-1906880849]\" data-vc-gitem-zone=\"prettyphotoLink\" class=\"vc_gitem-link prettyphoto vc-zone-link vc-prettyphoto-link\" ><\/a><div class=\"vc_gitem-zone-mini\"><\/div><\/div><\/div><div class=\"vc_gitem-zone vc_gitem-zone-c vc_custom_1419240502350\"><div class=\"vc_gitem-zone-mini\"><div class=\"vc_gitem_row vc_row vc_gitem-row-position-top\"><div class=\"vc_col-sm-12 vc_gitem-col vc_gitem-col-align-\"><div class=\"vc_custom_heading vc_gitem-post-data vc_gitem-post-data-source-post_title\" ><h4 style=\"text-align: left\" >viaSport accueille la BC Ski Jumping and Nordic Combined Society en tant qu\u2019organisation sportive provinciale affili\u00e9e<\/h4><\/div><div class=\"vc_custom_heading vc_gitem-post-data vc_gitem-post-data-source-post_excerpt\" ><p style=\"text-align: left\" ><p>Photo par: Brian Aikens<\/p>\n<\/p><\/div><\/div><\/div><\/div><\/div><\/div><div class=\"vc_clearfix\"><\/div><\/div><div class=\"vc_grid-item vc_clearfix vc_col-sm-4 vc_grid-item-zone-c-bottom\"><div class=\"vc_grid-item-mini vc_clearfix \"><div class=\"vc_gitem-animated-block  vc_gitem-animate vc_gitem-animate-blurScaleOut\"  data-vc-animation=\"blurScaleOut\"><div class=\"vc_gitem-zone vc_gitem-zone-a vc-gitem-zone-height-mode-auto vc-gitem-zone-height-mode-auto-1-1\" style=\"background-image: url('https:\/\/skijumpingcanada.com\/wp-content\/uploads\/2020\/11\/NS-Pict-1024x367.jpg') !important;\"><img decoding=\"async\" class=\"vc_gitem-zone-img\" src=\"https:\/\/skijumpingcanada.com\/wp-content\/uploads\/2020\/11\/NS-Pict-1024x367.jpg\" alt=\"Mise \u00e0 jour de la strat\u00e9gie nordique\"><div class=\"vc_gitem-zone-mini\"><\/div><\/div><div class=\"vc_gitem-zone vc_gitem-zone-b vc_custom_1419002895369 vc-gitem-zone-height-mode-auto vc_gitem-is-link\"><a href=\"https:\/\/skijumpingcanada.com\/wp-content\/uploads\/2020\/11\/NS-Pict-1024x367.jpg\" title=\"<strong>Mise \u00e0 jour de la strat\u00e9gie nordique<\/strong>\"  data-lightbox=\"lightbox[rel-4804-1906880849]\" data-vc-gitem-zone=\"prettyphotoLink\" class=\"vc_gitem-link prettyphoto vc-zone-link vc-prettyphoto-link\" ><\/a><div class=\"vc_gitem-zone-mini\"><\/div><\/div><\/div><div class=\"vc_gitem-zone vc_gitem-zone-c vc_custom_1419240502350\"><div class=\"vc_gitem-zone-mini\"><div class=\"vc_gitem_row vc_row vc_gitem-row-position-top\"><div class=\"vc_col-sm-12 vc_gitem-col vc_gitem-col-align-\"><div class=\"vc_custom_heading vc_gitem-post-data vc_gitem-post-data-source-post_title\" ><h4 style=\"text-align: left\" ><strong>Mise \u00e0 jour de la strat\u00e9gie nordique<\/strong><\/h4><\/div><div class=\"vc_custom_heading vc_gitem-post-data vc_gitem-post-data-source-post_excerpt\" ><p style=\"text-align: left\" ><p>Les quatre sports nordiques du Canada font le point sur l\u2019exploration d\u2019occasions communes La Strat\u00e9gie nordique, une initiative commune de Biathlon Canada, Combin\u00e9 nordique Canada, Nordiq Canada et Saut \u00e0 [&hellip;]<\/p>\n<\/p><\/div><\/div><\/div><\/div><\/div><\/div><div class=\"vc_clearfix\"><\/div><\/div><div class=\"vc_grid-item vc_clearfix vc_col-sm-4 vc_grid-item-zone-c-bottom\"><div class=\"vc_grid-item-mini vc_clearfix \"><div class=\"vc_gitem-animated-block  vc_gitem-animate vc_gitem-animate-blurScaleOut\"  data-vc-animation=\"blurScaleOut\"><div class=\"vc_gitem-zone vc_gitem-zone-a vc-gitem-zone-height-mode-auto vc-gitem-zone-height-mode-auto-1-1\" style=\"background-image: url('https:\/\/skijumpingcanada.com\/wp-content\/uploads\/2020\/11\/JenPac-1024x527.jpg') !important;\"><img decoding=\"async\" class=\"vc_gitem-zone-img\" src=\"https:\/\/skijumpingcanada.com\/wp-content\/uploads\/2020\/11\/JenPac-1024x527.jpg\" alt=\"Du saut \u00e0 ski en pleine ville\"><div class=\"vc_gitem-zone-mini\"><\/div><\/div><div class=\"vc_gitem-zone vc_gitem-zone-b vc_custom_1419002895369 vc-gitem-zone-height-mode-auto vc_gitem-is-link\"><a href=\"https:\/\/skijumpingcanada.com\/wp-content\/uploads\/2020\/11\/JenPac-1024x527.jpg\" title=\"Du saut \u00e0 ski en pleine ville\"  data-lightbox=\"lightbox[rel-4804-1906880849]\" data-vc-gitem-zone=\"prettyphotoLink\" class=\"vc_gitem-link prettyphoto vc-zone-link vc-prettyphoto-link\" ><\/a><div class=\"vc_gitem-zone-mini\"><\/div><\/div><\/div><div class=\"vc_gitem-zone vc_gitem-zone-c vc_custom_1419240502350\"><div class=\"vc_gitem-zone-mini\"><div class=\"vc_gitem_row vc_row vc_gitem-row-position-top\"><div class=\"vc_col-sm-12 vc_gitem-col vc_gitem-col-align-\"><div class=\"vc_custom_heading vc_gitem-post-data vc_gitem-post-data-source-post_title\" ><h4 style=\"text-align: left\" >Du saut \u00e0 ski en pleine ville<\/h4><\/div><div class=\"vc_custom_heading vc_gitem-post-data vc_gitem-post-data-source-post_excerpt\" ><p style=\"text-align: left\" ><p>Un quart de si\u00e8cle plus tard, le saut \u00e0 ski veut reprendre son envol en Outaouais. eux anciens athl\u00e8tes internationaux pilotent un ambitieux projet pour doter la r\u00e9gion d\u2019un nouveau [&hellip;]<\/p>\n<\/p><\/div><\/div><\/div><\/div><\/div><\/div><div class=\"vc_clearfix\"><\/div><\/div><div class=\"vc_grid-item vc_clearfix vc_col-sm-4 vc_grid-item-zone-c-bottom\"><div class=\"vc_grid-item-mini vc_clearfix \"><div class=\"vc_gitem-animated-block  vc_gitem-animate vc_gitem-animate-blurScaleOut\"  data-vc-animation=\"blurScaleOut\"><div class=\"vc_gitem-zone vc_gitem-zone-a vc-gitem-zone-height-mode-auto vc-gitem-zone-height-mode-auto-1-1\" style=\"background-image: url('https:\/\/skijumpingcanada.com\/wp-content\/uploads\/2020\/10\/NordiqJr-1024x527.jpg') !important;\"><img decoding=\"async\" class=\"vc_gitem-zone-img\" src=\"https:\/\/skijumpingcanada.com\/wp-content\/uploads\/2020\/10\/NordiqJr-1024x527.jpg\" alt=\"Le Canada remporte l\u2019appel d\u2019offres pour organiser les championnats du monde de ski nordique FIS Junior\/U23 2023 \u00e0 Squamish\/Whistler\"><div class=\"vc_gitem-zone-mini\"><\/div><\/div><div class=\"vc_gitem-zone vc_gitem-zone-b vc_custom_1419002895369 vc-gitem-zone-height-mode-auto vc_gitem-is-link\"><a href=\"https:\/\/skijumpingcanada.com\/wp-content\/uploads\/2020\/10\/NordiqJr-1024x527.jpg\" title=\"Le Canada remporte l\u2019appel d\u2019offres pour organiser les championnats du monde de ski nordique FIS Junior\/U23 2023 \u00e0 Squamish\/Whistler\"  data-lightbox=\"lightbox[rel-4804-1906880849]\" data-vc-gitem-zone=\"prettyphotoLink\" class=\"vc_gitem-link prettyphoto vc-zone-link vc-prettyphoto-link\" ><\/a><div class=\"vc_gitem-zone-mini\"><\/div><\/div><\/div><div class=\"vc_gitem-zone vc_gitem-zone-c vc_custom_1419240502350\"><div class=\"vc_gitem-zone-mini\"><div class=\"vc_gitem_row vc_row vc_gitem-row-position-top\"><div class=\"vc_col-sm-12 vc_gitem-col vc_gitem-col-align-\"><div class=\"vc_custom_heading vc_gitem-post-data vc_gitem-post-data-source-post_title\" ><h4 style=\"text-align: left\" >Le Canada remporte l\u2019appel d\u2019offres pour organiser les championnats du monde de ski nordique FIS Junior\/U23 2023 \u00e0 Squamish\/Whistler<\/h4><\/div><div class=\"vc_custom_heading vc_gitem-post-data vc_gitem-post-data-source-post_excerpt\" ><p style=\"text-align: left\" ><p>WHISTLER, B.C.\u2014La soumission du Canada pour organiser les championnats du monde de ski nordique FIS Junior\/U23 2023 au Parc olympique de Whistler l\u2019a remport\u00e9. La F\u00e9d\u00e9ration internationale de ski (FIS) [&hellip;]<\/p>\n<\/p><\/div><\/div><\/div><\/div><\/div><\/div><div class=\"vc_clearfix\"><\/div><\/div><div class=\"vc_grid-item vc_clearfix vc_col-sm-4 vc_grid-item-zone-c-bottom\"><div class=\"vc_grid-item-mini vc_clearfix \"><div class=\"vc_gitem-animated-block  vc_gitem-animate vc_gitem-animate-blurScaleOut\"  data-vc-animation=\"blurScaleOut\"><div class=\"vc_gitem-zone vc_gitem-zone-a vc-gitem-zone-height-mode-auto vc-gitem-zone-height-mode-auto-1-1\" style=\"background-image: url('https:\/\/skijumpingcanada.com\/wp-content\/uploads\/2020\/10\/RBC_TrainingGround_Social2021_16x9-Endurance-1024x536.jpg') !important;\"><img decoding=\"async\" class=\"vc_gitem-zone-img\" src=\"https:\/\/skijumpingcanada.com\/wp-content\/uploads\/2020\/10\/RBC_TrainingGround_Social2021_16x9-Endurance-1024x536.jpg\" alt=\"Le Camp des recrues RBC passe en mode virtuel pour d\u00e9couvrir de nouveaux espoirs olympiques\"><div class=\"vc_gitem-zone-mini\"><\/div><\/div><div class=\"vc_gitem-zone vc_gitem-zone-b vc_custom_1419002895369 vc-gitem-zone-height-mode-auto vc_gitem-is-link\"><a href=\"https:\/\/skijumpingcanada.com\/wp-content\/uploads\/2020\/10\/RBC_TrainingGround_Social2021_16x9-Endurance-1024x536.jpg\" title=\"Le Camp des recrues RBC passe en mode virtuel pour d\u00e9couvrir de nouveaux espoirs olympiques\"  data-lightbox=\"lightbox[rel-4804-1906880849]\" data-vc-gitem-zone=\"prettyphotoLink\" class=\"vc_gitem-link prettyphoto vc-zone-link vc-prettyphoto-link\" ><\/a><div class=\"vc_gitem-zone-mini\"><\/div><\/div><\/div><div class=\"vc_gitem-zone vc_gitem-zone-c vc_custom_1419240502350\"><div class=\"vc_gitem-zone-mini\"><div class=\"vc_gitem_row vc_row vc_gitem-row-position-top\"><div class=\"vc_col-sm-12 vc_gitem-col vc_gitem-col-align-\"><div class=\"vc_custom_heading vc_gitem-post-data vc_gitem-post-data-source-post_title\" ><h4 style=\"text-align: left\" >Le Camp des recrues RBC passe en mode virtuel pour d\u00e9couvrir de nouveaux espoirs olympiques<\/h4><\/div><div class=\"vc_custom_heading vc_gitem-post-data vc_gitem-post-data-source-post_excerpt\" ><p style=\"text-align: left\" ><p>La nouvelle formule de qualifications virtuelles donne \u00e0 chaque athl\u00e8te canadien de 14 \u00e0 25 ans la possibilit\u00e9 d\u2019\u00eatre recrut\u00e9 par \u00c9quipe Canada, depuis son domicile TORONTO, (le 14 octobre [&hellip;]<\/p>\n<\/p><\/div><\/div><\/div><\/div><\/div><\/div><div class=\"vc_clearfix\"><\/div><\/div><div class=\"vc_grid-item vc_clearfix vc_col-sm-4 vc_grid-item-zone-c-bottom\"><div class=\"vc_grid-item-mini vc_clearfix \"><div class=\"vc_gitem-animated-block  vc_gitem-animate vc_gitem-animate-blurScaleOut\"  data-vc-animation=\"blurScaleOut\"><div class=\"vc_gitem-zone vc_gitem-zone-a vc-gitem-zone-height-mode-auto vc-gitem-zone-height-mode-auto-1-1\" style=\"background-image: url('https:\/\/skijumpingcanada.com\/wp-content\/uploads\/2020\/07\/NOrdic-1024x256.jpg') !important;\"><img decoding=\"async\" class=\"vc_gitem-zone-img\" src=\"https:\/\/skijumpingcanada.com\/wp-content\/uploads\/2020\/07\/NOrdic-1024x256.jpg\" alt=\"Les quatre sports nordiques du Canada signent un protocole d\u2019entente dans le but d\u2019explorer les occasions d\u2019atteindre les objectifs op\u00e9rationnels et de performance\"><div class=\"vc_gitem-zone-mini\"><\/div><\/div><div class=\"vc_gitem-zone vc_gitem-zone-b vc_custom_1419002895369 vc-gitem-zone-height-mode-auto vc_gitem-is-link\"><a href=\"https:\/\/skijumpingcanada.com\/wp-content\/uploads\/2020\/07\/NOrdic-1024x256.jpg\" title=\"Les quatre sports nordiques du Canada signent un protocole d\u2019entente dans le but d\u2019explorer les occasions d\u2019atteindre les objectifs op\u00e9rationnels et de performance\"  data-lightbox=\"lightbox[rel-4804-1906880849]\" data-vc-gitem-zone=\"prettyphotoLink\" class=\"vc_gitem-link prettyphoto vc-zone-link vc-prettyphoto-link\" ><\/a><div class=\"vc_gitem-zone-mini\"><\/div><\/div><\/div><div class=\"vc_gitem-zone vc_gitem-zone-c vc_custom_1419240502350\"><div class=\"vc_gitem-zone-mini\"><div class=\"vc_gitem_row vc_row vc_gitem-row-position-top\"><div class=\"vc_col-sm-12 vc_gitem-col vc_gitem-col-align-\"><div class=\"vc_custom_heading vc_gitem-post-data vc_gitem-post-data-source-post_title\" ><h4 style=\"text-align: left\" >Les quatre sports nordiques du Canada signent un protocole d\u2019entente dans le but d\u2019explorer les occasions d\u2019atteindre les objectifs op\u00e9rationnels et de performance<\/h4><\/div><div class=\"vc_custom_heading vc_gitem-post-data vc_gitem-post-data-source-post_excerpt\" ><p style=\"text-align: left\" ><p>Un nouveau comit\u00e9 directeur orientera les recherches de strat\u00e9gie nordique ax\u00e9e sur l\u2019\u00e9valuation de possibilit\u00e9s de collaboration accrue CANMORE (Alberta) \u2014 Les quatre sports nordiques au Canada ont sign\u00e9 un [&hellip;]<\/p>\n<\/p><\/div><\/div><\/div><\/div><\/div><\/div><div class=\"vc_clearfix\"><\/div><\/div><div class=\"vc_grid-item vc_clearfix vc_col-sm-4 vc_grid-item-zone-c-bottom\"><div class=\"vc_grid-item-mini vc_clearfix \"><div class=\"vc_gitem-animated-block  vc_gitem-animate vc_gitem-animate-blurScaleOut\"  data-vc-animation=\"blurScaleOut\"><div class=\"vc_gitem-zone vc_gitem-zone-a vc-gitem-zone-height-mode-auto vc-gitem-zone-height-mode-auto-1-1\" style=\"background-image: url('https:\/\/skijumpingcanada.com\/wp-content\/uploads\/2020\/01\/RBC-Training-Ground-Web-Pic.jpg') !important;\"><img decoding=\"async\" class=\"vc_gitem-zone-img\" src=\"https:\/\/skijumpingcanada.com\/wp-content\/uploads\/2020\/01\/RBC-Training-Ground-Web-Pic.jpg\" alt=\"RBC apporte une aide financi\u00e8re aux futurs athl\u00e8tes olympiques durant la pand\u00e9mie\"><div class=\"vc_gitem-zone-mini\"><\/div><\/div><div class=\"vc_gitem-zone vc_gitem-zone-b vc_custom_1419002895369 vc-gitem-zone-height-mode-auto vc_gitem-is-link\"><a href=\"https:\/\/skijumpingcanada.com\/wp-content\/uploads\/2020\/01\/RBC-Training-Ground-Web-Pic.jpg\" title=\"RBC apporte une aide financi\u00e8re aux futurs athl\u00e8tes olympiques durant la pand\u00e9mie\"  data-lightbox=\"lightbox[rel-4804-1906880849]\" data-vc-gitem-zone=\"prettyphotoLink\" class=\"vc_gitem-link prettyphoto vc-zone-link vc-prettyphoto-link\" ><\/a><div class=\"vc_gitem-zone-mini\"><\/div><\/div><\/div><div class=\"vc_gitem-zone vc_gitem-zone-c vc_custom_1419240502350\"><div class=\"vc_gitem-zone-mini\"><div class=\"vc_gitem_row vc_row vc_gitem-row-position-top\"><div class=\"vc_col-sm-12 vc_gitem-col vc_gitem-col-align-\"><div class=\"vc_custom_heading vc_gitem-post-data vc_gitem-post-data-source-post_title\" ><h4 style=\"text-align: left\" >RBC apporte une aide financi\u00e8re aux futurs athl\u00e8tes olympiques durant la pand\u00e9mie<\/h4><\/div><div class=\"vc_custom_heading vc_gitem-post-data vc_gitem-post-data-source-post_excerpt\" ><p style=\"text-align: left\" ><p>L\u2019investissement de RBC servira \u00e0 soutenir les programmes des organismes nationaux de sports participant au Camp des recrues&nbsp;RBC TORONTO, le 24&nbsp;juin&nbsp;2020 \u2014 RBC a annonc\u00e9 aujourd\u2019hui un investissement de 230&nbsp;000&nbsp;$&nbsp;CA [&hellip;]<\/p>\n<\/p><\/div><\/div><\/div><\/div><\/div><\/div><div class=\"vc_clearfix\"><\/div><\/div><div class=\"vc_grid-item vc_clearfix vc_col-sm-4 vc_grid-item-zone-c-bottom\"><div class=\"vc_grid-item-mini vc_clearfix \"><div class=\"vc_gitem-animated-block  vc_gitem-animate vc_gitem-animate-blurScaleOut\"  data-vc-animation=\"blurScaleOut\"><div class=\"vc_gitem-zone vc_gitem-zone-a vc-gitem-zone-height-mode-auto vc-gitem-zone-height-mode-auto-1-1\" style=\"background-image: url('https:\/\/skijumpingcanada.com\/wp-content\/uploads\/2020\/06\/Capture-1.jpg') !important;\"><img decoding=\"async\" class=\"vc_gitem-zone-img\" src=\"https:\/\/skijumpingcanada.com\/wp-content\/uploads\/2020\/06\/Capture-1.jpg\" alt=\"Nels' Saut 1929\"><div class=\"vc_gitem-zone-mini\"><\/div><\/div><div class=\"vc_gitem-zone vc_gitem-zone-b vc_custom_1419002895369 vc-gitem-zone-height-mode-auto vc_gitem-is-link\"><a href=\"https:\/\/skijumpingcanada.com\/wp-content\/uploads\/2020\/06\/Capture-1.jpg\" title=\"Nels&#8217; Saut 1929\"  data-lightbox=\"lightbox[rel-4804-1906880849]\" data-vc-gitem-zone=\"prettyphotoLink\" class=\"vc_gitem-link prettyphoto vc-zone-link vc-prettyphoto-link\" ><\/a><div class=\"vc_gitem-zone-mini\"><\/div><\/div><\/div><div class=\"vc_gitem-zone vc_gitem-zone-c vc_custom_1419240502350\"><div class=\"vc_gitem-zone-mini\"><div class=\"vc_gitem_row vc_row vc_gitem-row-position-top\"><div class=\"vc_col-sm-12 vc_gitem-col vc_gitem-col-align-\"><div class=\"vc_custom_heading vc_gitem-post-data vc_gitem-post-data-source-post_title\" ><h4 style=\"text-align: left\" >Nels&#8217; Saut 1929<\/h4><\/div><div class=\"vc_custom_heading vc_gitem-post-data vc_gitem-post-data-source-post_excerpt\" ><p style=\"text-align: left\" ><p>Gwyn Evans\/Greater Vernon Museum and Archives &#8211;&nbsp;May 31, 2020 En 2014, Kalamalka Rotary a relev\u00e9 la culmination que plus de trois ans de travail pour l\u2019ouverture de Nels\u2019 Leap Trail. [&hellip;]<\/p>\n<\/p><\/div><\/div><\/div><\/div><\/div><\/div><div class=\"vc_clearfix\"><\/div><\/div><div class=\"vc_grid-item vc_clearfix vc_col-sm-4 vc_grid-item-zone-c-bottom\"><div class=\"vc_grid-item-mini vc_clearfix \"><div class=\"vc_gitem-animated-block  vc_gitem-animate vc_gitem-animate-blurScaleOut\"  data-vc-animation=\"blurScaleOut\"><div class=\"vc_gitem-zone vc_gitem-zone-a vc-gitem-zone-height-mode-auto vc-gitem-zone-height-mode-auto-1-1\" style=\"background-image: url('https:\/\/skijumpingcanada.com\/wp-content\/uploads\/2016\/05\/Ski-Jumping-Canada-Logo-AGM-.jpg') !important;\"><img decoding=\"async\" class=\"vc_gitem-zone-img\" src=\"https:\/\/skijumpingcanada.com\/wp-content\/uploads\/2016\/05\/Ski-Jumping-Canada-Logo-AGM-.jpg\" alt=\"SJC AGM 30  Juin, 2020\"><div class=\"vc_gitem-zone-mini\"><\/div><\/div><div class=\"vc_gitem-zone vc_gitem-zone-b vc_custom_1419002895369 vc-gitem-zone-height-mode-auto vc_gitem-is-link\"><a href=\"https:\/\/skijumpingcanada.com\/wp-content\/uploads\/2016\/05\/Ski-Jumping-Canada-Logo-AGM-.jpg\" title=\"SJC AGM 30  Juin, 2020\"  data-lightbox=\"lightbox[rel-4804-1906880849]\" data-vc-gitem-zone=\"prettyphotoLink\" class=\"vc_gitem-link prettyphoto vc-zone-link vc-prettyphoto-link\" ><\/a><div class=\"vc_gitem-zone-mini\"><\/div><\/div><\/div><div class=\"vc_gitem-zone vc_gitem-zone-c vc_custom_1419240502350\"><div class=\"vc_gitem-zone-mini\"><div class=\"vc_gitem_row vc_row vc_gitem-row-position-top\"><div class=\"vc_col-sm-12 vc_gitem-col vc_gitem-col-align-\"><div class=\"vc_custom_heading vc_gitem-post-data vc_gitem-post-data-source-post_title\" ><h4 style=\"text-align: left\" >SJC AGM 30  Juin, 2020<\/h4><\/div><div class=\"vc_custom_heading vc_gitem-post-data vc_gitem-post-data-source-post_excerpt\" ><p style=\"text-align: left\" ><p>Saut \u00e0 Ski Canada AGA L\u2019AVIS DE CONVOCATION \u00c0 L\u2019ASSEMBL\u00c9E G\u00c9N\u00c9RALE ANNUELLE POUR SAUT \u00c0 SKI CANADA Conform\u00e9ment \u00e0 ses r\u00e8glements, L\u2019AVIS est donn\u00e9 par la pr\u00e9sente, de l\u2019assembl\u00e9e g\u00e9n\u00e9rale [&hellip;]<\/p>\n<\/p><\/div><\/div><\/div><\/div><\/div><\/div><div class=\"vc_clearfix\"><\/div><\/div><div class=\"vc_grid-item vc_clearfix vc_col-sm-4 vc_grid-item-zone-c-bottom\"><div class=\"vc_grid-item-mini vc_clearfix \"><div class=\"vc_gitem-animated-block  vc_gitem-animate vc_gitem-animate-blurScaleOut\"  data-vc-animation=\"blurScaleOut\"><div class=\"vc_gitem-zone vc_gitem-zone-a vc-gitem-zone-height-mode-auto vc-gitem-zone-height-mode-auto-1-1\" style=\"background-image: url('https:\/\/skijumpingcanada.com\/wp-content\/uploads\/2020\/01\/mackenzie.jpg') !important;\"><img decoding=\"async\" class=\"vc_gitem-zone-img\" src=\"https:\/\/skijumpingcanada.com\/wp-content\/uploads\/2020\/01\/mackenzie.jpg\" alt=\"Mackenzie Boyd-Clowes a sauter tr\u00e8s bien et a eu des bons r\u00e9sultats\"><div class=\"vc_gitem-zone-mini\"><\/div><\/div><div class=\"vc_gitem-zone vc_gitem-zone-b vc_custom_1419002895369 vc-gitem-zone-height-mode-auto vc_gitem-is-link\"><a href=\"https:\/\/skijumpingcanada.com\/wp-content\/uploads\/2020\/01\/mackenzie.jpg\" title=\"Mackenzie Boyd-Clowes a sauter tr\u00e8s bien et a eu des bons r\u00e9sultats\"  data-lightbox=\"lightbox[rel-4804-1906880849]\" data-vc-gitem-zone=\"prettyphotoLink\" class=\"vc_gitem-link prettyphoto vc-zone-link vc-prettyphoto-link\" ><\/a><div class=\"vc_gitem-zone-mini\"><\/div><\/div><\/div><div class=\"vc_gitem-zone vc_gitem-zone-c vc_custom_1419240502350\"><div class=\"vc_gitem-zone-mini\"><div class=\"vc_gitem_row vc_row vc_gitem-row-position-top\"><div class=\"vc_col-sm-12 vc_gitem-col vc_gitem-col-align-\"><div class=\"vc_custom_heading vc_gitem-post-data vc_gitem-post-data-source-post_title\" ><h4 style=\"text-align: left\" >Mackenzie Boyd-Clowes a sauter tr\u00e8s bien et a eu des bons r\u00e9sultats<\/h4><\/div><div class=\"vc_custom_heading vc_gitem-post-data vc_gitem-post-data-source-post_excerpt\" ><p style=\"text-align: left\" ><p>Pendant cette derni\u00e8re ann\u00e9e, Mackenzie Boyd-Clowes a sauter tr\u00e8s bien et a eu des bons r\u00e9sultats. Juste cet \u00e9t\u00e9, Mackenzie est arriv\u00e9 dans les premiers 30 dans deux des trois [&hellip;]<\/p>\n<\/p><\/div><\/div><\/div><\/div><\/div><\/div><div class=\"vc_clearfix\"><\/div><\/div><div class=\"vc_grid-item vc_clearfix vc_col-sm-4 vc_grid-item-zone-c-bottom\"><div class=\"vc_grid-item-mini vc_clearfix \"><div class=\"vc_gitem-animated-block  vc_gitem-animate vc_gitem-animate-blurScaleOut\"  data-vc-animation=\"blurScaleOut\"><div class=\"vc_gitem-zone vc_gitem-zone-a vc-gitem-zone-height-mode-auto vc-gitem-zone-height-mode-auto-1-1\" style=\"background-image: url('https:\/\/skijumpingcanada.com\/wp-content\/uploads\/2020\/01\/Ski-Jumping-978x1024.jpg') !important;\"><img decoding=\"async\" class=\"vc_gitem-zone-img\" src=\"https:\/\/skijumpingcanada.com\/wp-content\/uploads\/2020\/01\/Ski-Jumping-978x1024.jpg\" alt=\"SAUT A SKI CANADA NOMME L\u2019EQUIPE NATIONAL POUR LA SAISON DE COMP\u00c9TITION 2020\"><div class=\"vc_gitem-zone-mini\"><\/div><\/div><div class=\"vc_gitem-zone vc_gitem-zone-b vc_custom_1419002895369 vc-gitem-zone-height-mode-auto vc_gitem-is-link\"><a href=\"https:\/\/skijumpingcanada.com\/wp-content\/uploads\/2020\/01\/Ski-Jumping-978x1024.jpg\" title=\"SAUT A SKI CANADA NOMME L\u2019EQUIPE NATIONAL POUR LA SAISON DE COMP\u00c9TITION 2020\"  data-lightbox=\"lightbox[rel-4804-1906880849]\" data-vc-gitem-zone=\"prettyphotoLink\" class=\"vc_gitem-link prettyphoto vc-zone-link vc-prettyphoto-link\" ><\/a><div class=\"vc_gitem-zone-mini\"><\/div><\/div><\/div><div class=\"vc_gitem-zone vc_gitem-zone-c vc_custom_1419240502350\"><div class=\"vc_gitem-zone-mini\"><div class=\"vc_gitem_row vc_row vc_gitem-row-position-top\"><div class=\"vc_col-sm-12 vc_gitem-col vc_gitem-col-align-\"><div class=\"vc_custom_heading vc_gitem-post-data vc_gitem-post-data-source-post_title\" ><h4 style=\"text-align: left\" >SAUT A SKI CANADA NOMME L\u2019EQUIPE NATIONAL POUR LA SAISON DE COMP\u00c9TITION 2020<\/h4><\/div><div class=\"vc_custom_heading vc_gitem-post-data vc_gitem-post-data-source-post_excerpt\" ><p style=\"text-align: left\" ><p>Calgary, Alberta, le 9 janvier 2020- Saut \u00e0 Ski Canada (SJC) a le plaisir d\u2019annoncer les noms de sept athl\u00e8tes, trois hommes et quatre femmes, qui ont \u00e9t\u00e9 s\u00e9lectionn\u00e9 de [&hellip;]<\/p>\n<\/p><\/div><\/div><\/div><\/div><\/div><\/div><div class=\"vc_clearfix\"><\/div><\/div><div class=\"vc_grid-item vc_clearfix vc_col-sm-4 vc_grid-item-zone-c-bottom\"><div class=\"vc_grid-item-mini vc_clearfix \"><div class=\"vc_gitem-animated-block  vc_gitem-animate vc_gitem-animate-blurScaleOut\"  data-vc-animation=\"blurScaleOut\"><div class=\"vc_gitem-zone vc_gitem-zone-a vc-gitem-zone-height-mode-auto vc-gitem-zone-height-mode-auto-1-1\" style=\"background-image: url('https:\/\/skijumpingcanada.com\/wp-content\/uploads\/2019\/12\/Lus2020.jpg') !important;\"><img decoding=\"async\" class=\"vc_gitem-zone-img\" src=\"https:\/\/skijumpingcanada.com\/wp-content\/uploads\/2019\/12\/Lus2020.jpg\" alt=\"LA PROCHAINE G\u00c9N\u00c9RATION DE SAUTANTS DE SKI CANADIENS REPR\u00c9SENTERA LE CANADA AUX JEUX OLYMPIQUES DE LA JEUNESSE D\u2019HIVER \u00c0 LAUSANNE\"><div class=\"vc_gitem-zone-mini\"><\/div><\/div><div class=\"vc_gitem-zone vc_gitem-zone-b vc_custom_1419002895369 vc-gitem-zone-height-mode-auto vc_gitem-is-link\"><a href=\"https:\/\/skijumpingcanada.com\/wp-content\/uploads\/2019\/12\/Lus2020.jpg\" title=\"LA PROCHAINE G\u00c9N\u00c9RATION DE SAUTANTS DE SKI CANADIENS REPR\u00c9SENTERA LE CANADA AUX JEUX OLYMPIQUES DE LA JEUNESSE D\u2019HIVER \u00c0 LAUSANNE\"  data-lightbox=\"lightbox[rel-4804-1906880849]\" data-vc-gitem-zone=\"prettyphotoLink\" class=\"vc_gitem-link prettyphoto vc-zone-link vc-prettyphoto-link\" ><\/a><div class=\"vc_gitem-zone-mini\"><\/div><\/div><\/div><div class=\"vc_gitem-zone vc_gitem-zone-c vc_custom_1419240502350\"><div class=\"vc_gitem-zone-mini\"><div class=\"vc_gitem_row vc_row vc_gitem-row-position-top\"><div class=\"vc_col-sm-12 vc_gitem-col vc_gitem-col-align-\"><div class=\"vc_custom_heading vc_gitem-post-data vc_gitem-post-data-source-post_title\" ><h4 style=\"text-align: left\" >LA PROCHAINE G\u00c9N\u00c9RATION DE SAUTANTS DE SKI CANADIENS REPR\u00c9SENTERA LE CANADA AUX JEUX OLYMPIQUES DE LA JEUNESSE D\u2019HIVER \u00c0 LAUSANNE<\/h4><\/div><div class=\"vc_custom_heading vc_gitem-post-data vc_gitem-post-data-source-post_excerpt\" ><p style=\"text-align: left\" ><p>Nos jeunes sauteurs \u00e0 ski volent loin Calgary, Alberta, le 18 d\u00e9cembre, 2019 \u2013 Saut \u00e0 Ski Canada (SJC) a annonc\u00e9 au jourd\u2019hui que deux membres sont nomin\u00e9s pour repr\u00e9senter [&hellip;]<\/p>\n<\/p><\/div><\/div><\/div><\/div><\/div><\/div><div class=\"vc_clearfix\"><\/div><\/div><div class=\"vc_grid-item vc_clearfix vc_col-sm-4 vc_grid-item-zone-c-bottom\"><div class=\"vc_grid-item-mini vc_clearfix \"><div class=\"vc_gitem-animated-block  vc_gitem-animate vc_gitem-animate-blurScaleOut\"  data-vc-animation=\"blurScaleOut\"><div class=\"vc_gitem-zone vc_gitem-zone-a vc-gitem-zone-height-mode-auto vc-gitem-zone-height-mode-auto-1-1\" style=\"background-image: url('https:\/\/skijumpingcanada.com\/wp-content\/uploads\/2019\/12\/Jan-1.jpg') !important;\"><img decoding=\"async\" class=\"vc_gitem-zone-img\" src=\"https:\/\/skijumpingcanada.com\/wp-content\/uploads\/2019\/12\/Jan-1.jpg\" alt=\"Jan Matura s\u2019est jointe \u00e0 l\u2019\u00e9quipe d\u2019entra\u00eenement de Saut \u00e0 Ski Canada\"><div class=\"vc_gitem-zone-mini\"><\/div><\/div><div class=\"vc_gitem-zone vc_gitem-zone-b vc_custom_1419002895369 vc-gitem-zone-height-mode-auto vc_gitem-is-link\"><a href=\"https:\/\/skijumpingcanada.com\/wp-content\/uploads\/2019\/12\/Jan-1.jpg\" title=\"Jan Matura s\u2019est jointe \u00e0 l\u2019\u00e9quipe d\u2019entra\u00eenement de Saut \u00e0 Ski Canada\"  data-lightbox=\"lightbox[rel-4804-1906880849]\" data-vc-gitem-zone=\"prettyphotoLink\" class=\"vc_gitem-link prettyphoto vc-zone-link vc-prettyphoto-link\" ><\/a><div class=\"vc_gitem-zone-mini\"><\/div><\/div><\/div><div class=\"vc_gitem-zone vc_gitem-zone-c vc_custom_1419240502350\"><div class=\"vc_gitem-zone-mini\"><div class=\"vc_gitem_row vc_row vc_gitem-row-position-top\"><div class=\"vc_col-sm-12 vc_gitem-col vc_gitem-col-align-\"><div class=\"vc_custom_heading vc_gitem-post-data vc_gitem-post-data-source-post_title\" ><h4 style=\"text-align: left\" >Jan Matura s\u2019est jointe \u00e0 l\u2019\u00e9quipe d\u2019entra\u00eenement de Saut \u00e0 Ski Canada<\/h4><\/div><div class=\"vc_custom_heading vc_gitem-post-data vc_gitem-post-data-source-post_excerpt\" ><p style=\"text-align: left\" ><p>Calgary Alberta, le 19 d\u00e9cembre 2019- Jan Matura s\u2019est jointe \u00e0 l\u2019\u00e9quipe d\u2019entra\u00eenement de Saut \u00e0 Ski Canada pour travailler avec l\u2019\u00e9quipe de d\u00e9veloppement et l\u2019\u00e9quipe des femmes en Europe. [&hellip;]<\/p>\n<\/p><\/div><\/div><\/div><\/div><\/div><\/div><div class=\"vc_clearfix\"><\/div><\/div><div class=\"vc_grid-item vc_clearfix vc_col-sm-4 vc_grid-item-zone-c-bottom\"><div class=\"vc_grid-item-mini vc_clearfix \"><div class=\"vc_gitem-animated-block  vc_gitem-animate vc_gitem-animate-blurScaleOut\"  data-vc-animation=\"blurScaleOut\"><div class=\"vc_gitem-zone vc_gitem-zone-a vc-gitem-zone-height-mode-auto vc-gitem-zone-height-mode-auto-1-1\" style=\"background-image: url('https:\/\/skijumpingcanada.com\/wp-content\/plugins\/js_composer\/assets\/vc\/vc_gitem_image.png') !important;\"><img decoding=\"async\" class=\"vc_gitem-zone-img\" src=\"https:\/\/skijumpingcanada.com\/wp-content\/plugins\/js_composer\/assets\/vc\/vc_gitem_image.png\" alt=\"\"><div class=\"vc_gitem-zone-mini\"><\/div><\/div><div class=\"vc_gitem-zone vc_gitem-zone-b vc_custom_1419002895369 vc-gitem-zone-height-mode-auto vc_gitem-is-link\"><a href=\"https:\/\/skijumpingcanada.com\/wp-content\/plugins\/js_composer\/assets\/vc\/vc_gitem_image.png\" title=\"Saut \u00e0 Ski Canada AGA\"  data-lightbox=\"lightbox[rel-4804-1906880849]\" data-vc-gitem-zone=\"prettyphotoLink\" class=\"vc_gitem-link prettyphoto vc-zone-link vc-prettyphoto-link\" ><\/a><div class=\"vc_gitem-zone-mini\"><\/div><\/div><\/div><div class=\"vc_gitem-zone vc_gitem-zone-c vc_custom_1419240502350\"><div class=\"vc_gitem-zone-mini\"><div class=\"vc_gitem_row vc_row vc_gitem-row-position-top\"><div class=\"vc_col-sm-12 vc_gitem-col vc_gitem-col-align-\"><div class=\"vc_custom_heading vc_gitem-post-data vc_gitem-post-data-source-post_title\" ><h4 style=\"text-align: left\" >Saut \u00e0 Ski Canada AGA<\/h4><\/div><div class=\"vc_custom_heading vc_gitem-post-data vc_gitem-post-data-source-post_excerpt\" ><p style=\"text-align: left\" ><p>L\u2019AVIS DE CONVOCATION \u00c0 L\u2019ASSEMBL\u00c9E G\u00c9N\u00c9RALE ANNUELLE POUR SAUT \u00c0 SKI CANADAConform\u00e9ment \u00e0 ses r\u00e8glements, L\u2019AVIS est donn\u00e9 par la pr\u00e9sente, de l\u2019assembl\u00e9e g\u00e9n\u00e9rale annuelle de Saut \u00e0 Ski Canada [&hellip;]<\/p>\n<\/p><\/div><\/div><\/div><\/div><\/div><\/div><div class=\"vc_clearfix\"><\/div><\/div><div class=\"vc_grid-item vc_clearfix vc_col-sm-4 vc_grid-item-zone-c-bottom\"><div class=\"vc_grid-item-mini vc_clearfix \"><div class=\"vc_gitem-animated-block  vc_gitem-animate vc_gitem-animate-blurScaleOut\"  data-vc-animation=\"blurScaleOut\"><div class=\"vc_gitem-zone vc_gitem-zone-a vc-gitem-zone-height-mode-auto vc-gitem-zone-height-mode-auto-1-1\" style=\"background-image: url('https:\/\/skijumpingcanada.com\/wp-content\/plugins\/js_composer\/assets\/vc\/vc_gitem_image.png') !important;\"><img decoding=\"async\" class=\"vc_gitem-zone-img\" src=\"https:\/\/skijumpingcanada.com\/wp-content\/plugins\/js_composer\/assets\/vc\/vc_gitem_image.png\" alt=\"\"><div class=\"vc_gitem-zone-mini\"><\/div><\/div><div class=\"vc_gitem-zone vc_gitem-zone-b vc_custom_1419002895369 vc-gitem-zone-height-mode-auto vc_gitem-is-link\"><a href=\"https:\/\/skijumpingcanada.com\/wp-content\/plugins\/js_composer\/assets\/vc\/vc_gitem_image.png\" title=\"Nordiq Canada\"  data-lightbox=\"lightbox[rel-4804-1906880849]\" data-vc-gitem-zone=\"prettyphotoLink\" class=\"vc_gitem-link prettyphoto vc-zone-link vc-prettyphoto-link\" ><\/a><div class=\"vc_gitem-zone-mini\"><\/div><\/div><\/div><div class=\"vc_gitem-zone vc_gitem-zone-c vc_custom_1419240502350\"><div class=\"vc_gitem-zone-mini\"><div class=\"vc_gitem_row vc_row vc_gitem-row-position-top\"><div class=\"vc_col-sm-12 vc_gitem-col vc_gitem-col-align-\"><div class=\"vc_custom_heading vc_gitem-post-data vc_gitem-post-data-source-post_title\" ><h4 style=\"text-align: left\" >Nordiq Canada<\/h4><\/div><div class=\"vc_custom_heading vc_gitem-post-data vc_gitem-post-data-source-post_excerpt\" ><p style=\"text-align: left\" ><p>&nbsp; Cher partenaire sportif, En marge de la tenue de la 93e \u00e9dition des Championnats canadiens de ski dans la capitale nationale au Centre nordique Nakkertok de Gatineau, au Qu\u00e9bec, [&hellip;]<\/p>\n<\/p><\/div><\/div><\/div><\/div><\/div><\/div><div class=\"vc_clearfix\"><\/div><\/div><div class=\"vc_grid-item vc_clearfix vc_col-sm-4 vc_grid-item-zone-c-bottom\"><div class=\"vc_grid-item-mini vc_clearfix \"><div class=\"vc_gitem-animated-block  vc_gitem-animate vc_gitem-animate-blurScaleOut\"  data-vc-animation=\"blurScaleOut\"><div class=\"vc_gitem-zone vc_gitem-zone-a vc-gitem-zone-height-mode-auto vc-gitem-zone-height-mode-auto-1-1\" style=\"background-image: url('https:\/\/skijumpingcanada.com\/wp-content\/plugins\/js_composer\/assets\/vc\/vc_gitem_image.png') !important;\"><img decoding=\"async\" class=\"vc_gitem-zone-img\" src=\"https:\/\/skijumpingcanada.com\/wp-content\/plugins\/js_composer\/assets\/vc\/vc_gitem_image.png\" alt=\"\"><div class=\"vc_gitem-zone-mini\"><\/div><\/div><div class=\"vc_gitem-zone vc_gitem-zone-b vc_custom_1419002895369 vc-gitem-zone-height-mode-auto vc_gitem-is-link\"><a href=\"https:\/\/skijumpingcanada.com\/wp-content\/plugins\/js_composer\/assets\/vc\/vc_gitem_image.png\" title=\"Championnats FIS de saut \u00e0 ski et combin\u00e9 nordique nord-am\u00e9ricain 2019  Tremplin normal (HS106)  Grand tremplin (HS140)\"  data-lightbox=\"lightbox[rel-4804-1906880849]\" data-vc-gitem-zone=\"prettyphotoLink\" class=\"vc_gitem-link prettyphoto vc-zone-link vc-prettyphoto-link\" ><\/a><div class=\"vc_gitem-zone-mini\"><\/div><\/div><\/div><div class=\"vc_gitem-zone vc_gitem-zone-c vc_custom_1419240502350\"><div class=\"vc_gitem-zone-mini\"><div class=\"vc_gitem_row vc_row vc_gitem-row-position-top\"><div class=\"vc_col-sm-12 vc_gitem-col vc_gitem-col-align-\"><div class=\"vc_custom_heading vc_gitem-post-data vc_gitem-post-data-source-post_title\" ><h4 style=\"text-align: left\" >Championnats FIS de saut \u00e0 ski et combin\u00e9 nordique nord-am\u00e9ricain 2019  Tremplin normal (HS106)  Grand tremplin (HS140)<\/h4><\/div><div class=\"vc_custom_heading vc_gitem-post-data vc_gitem-post-data-source-post_excerpt\" ><p style=\"text-align: left\" ><p>Saut \u00e0 ski Canada et Combin\u00e9 nordique ski Canada sont ravis d\u2019inviter tous athl\u00e8tes nord-am\u00e9ricains, aussi que toutes autres nations int\u00e9ress\u00e9es, de nous joindre au Parc olympique de Whistler, le [&hellip;]<\/p>\n<\/p><\/div><\/div><\/div><\/div><\/div><\/div><div class=\"vc_clearfix\"><\/div><\/div><div class=\"vc_grid-item vc_clearfix vc_col-sm-4 vc_grid-item-zone-c-bottom\"><div class=\"vc_grid-item-mini vc_clearfix \"><div class=\"vc_gitem-animated-block  vc_gitem-animate vc_gitem-animate-blurScaleOut\"  data-vc-animation=\"blurScaleOut\"><div class=\"vc_gitem-zone vc_gitem-zone-a vc-gitem-zone-height-mode-auto vc-gitem-zone-height-mode-auto-1-1\" style=\"background-image: url('https:\/\/skijumpingcanada.com\/wp-content\/plugins\/js_composer\/assets\/vc\/vc_gitem_image.png') !important;\"><img decoding=\"async\" class=\"vc_gitem-zone-img\" src=\"https:\/\/skijumpingcanada.com\/wp-content\/plugins\/js_composer\/assets\/vc\/vc_gitem_image.png\" alt=\"\"><div class=\"vc_gitem-zone-mini\"><\/div><\/div><div class=\"vc_gitem-zone vc_gitem-zone-b vc_custom_1419002895369 vc-gitem-zone-height-mode-auto vc_gitem-is-link\"><a href=\"https:\/\/skijumpingcanada.com\/wp-content\/plugins\/js_composer\/assets\/vc\/vc_gitem_image.png\" title=\"Championnats de Saut \u00e0 Ski d\u2019Hommes et de Femmes le 20 Octobre 2018\"  data-lightbox=\"lightbox[rel-4804-1906880849]\" data-vc-gitem-zone=\"prettyphotoLink\" class=\"vc_gitem-link prettyphoto vc-zone-link vc-prettyphoto-link\" ><\/a><div class=\"vc_gitem-zone-mini\"><\/div><\/div><\/div><div class=\"vc_gitem-zone vc_gitem-zone-c vc_custom_1419240502350\"><div class=\"vc_gitem-zone-mini\"><div class=\"vc_gitem_row vc_row vc_gitem-row-position-top\"><div class=\"vc_col-sm-12 vc_gitem-col vc_gitem-col-align-\"><div class=\"vc_custom_heading vc_gitem-post-data vc_gitem-post-data-source-post_title\" ><h4 style=\"text-align: left\" >Championnats de Saut \u00e0 Ski d\u2019Hommes et de Femmes le 20 Octobre 2018<\/h4><\/div><div class=\"vc_custom_heading vc_gitem-post-data vc_gitem-post-data-source-post_excerpt\" ><p style=\"text-align: left\" ><p>Les Olympiens d\u2019aujourd\u2019hui et du future seront au saut \u00e0 ski \u00e0 Calgary pour les Championnats Canadiens le 20 oct 2018 \u2013 au Parc Olympique du Canada de WinSport. Le [&hellip;]<\/p>\n<\/p><\/div><\/div><\/div><\/div><\/div><\/div><div class=\"vc_clearfix\"><\/div><\/div><div class=\"vc_grid-item vc_clearfix vc_col-sm-4 vc_grid-item-zone-c-bottom\"><div class=\"vc_grid-item-mini vc_clearfix \"><div class=\"vc_gitem-animated-block  vc_gitem-animate vc_gitem-animate-blurScaleOut\"  data-vc-animation=\"blurScaleOut\"><div class=\"vc_gitem-zone vc_gitem-zone-a vc-gitem-zone-height-mode-auto vc-gitem-zone-height-mode-auto-1-1\" style=\"background-image: url('https:\/\/skijumpingcanada.com\/wp-content\/plugins\/js_composer\/assets\/vc\/vc_gitem_image.png') !important;\"><img decoding=\"async\" class=\"vc_gitem-zone-img\" src=\"https:\/\/skijumpingcanada.com\/wp-content\/plugins\/js_composer\/assets\/vc\/vc_gitem_image.png\" alt=\"\"><div class=\"vc_gitem-zone-mini\"><\/div><\/div><div class=\"vc_gitem-zone vc_gitem-zone-b vc_custom_1419002895369 vc-gitem-zone-height-mode-auto vc_gitem-is-link\"><a href=\"https:\/\/skijumpingcanada.com\/wp-content\/plugins\/js_composer\/assets\/vc\/vc_gitem_image.png\" title=\"Laurent Duvernay-Tardif d\u00e9couvre le saut \u00e0 ski | Vid\u00e9os | Les Jeux olympiques \u00e0 Radio-Canada | PyeongChang 2018\"  data-lightbox=\"lightbox[rel-4804-1906880849]\" data-vc-gitem-zone=\"prettyphotoLink\" class=\"vc_gitem-link prettyphoto vc-zone-link vc-prettyphoto-link\" ><\/a><div class=\"vc_gitem-zone-mini\"><\/div><\/div><\/div><div class=\"vc_gitem-zone vc_gitem-zone-c vc_custom_1419240502350\"><div class=\"vc_gitem-zone-mini\"><div class=\"vc_gitem_row vc_row vc_gitem-row-position-top\"><div class=\"vc_col-sm-12 vc_gitem-col vc_gitem-col-align-\"><div class=\"vc_custom_heading vc_gitem-post-data vc_gitem-post-data-source-post_title\" ><h4 style=\"text-align: left\" >Laurent Duvernay-Tardif d\u00e9couvre le saut \u00e0 ski | Vid\u00e9os | Les Jeux olympiques \u00e0 Radio-Canada | PyeongChang 2018<\/h4><\/div><div class=\"vc_custom_heading vc_gitem-post-data vc_gitem-post-data-source-post_excerpt\" ><p style=\"text-align: left\" ><p>Laurent Duvernay-Tardif a eu le privil\u00e8ge de monter au sommet de la tour de saut \u00e0 ski avec Tom Reid, chef de l&#8217;\u00e9quipe canadienne. Ils discutent des qualit\u00e9s n\u00e9cessaires pour [&hellip;]<\/p>\n<\/p><\/div><\/div><\/div><\/div><\/div><\/div><div class=\"vc_clearfix\"><\/div><\/div><div class=\"vc_grid-item vc_clearfix vc_col-sm-4 vc_grid-item-zone-c-bottom\"><div class=\"vc_grid-item-mini vc_clearfix \"><div class=\"vc_gitem-animated-block  vc_gitem-animate vc_gitem-animate-blurScaleOut\"  data-vc-animation=\"blurScaleOut\"><div class=\"vc_gitem-zone vc_gitem-zone-a vc-gitem-zone-height-mode-auto vc-gitem-zone-height-mode-auto-1-1\" style=\"background-image: url('https:\/\/skijumpingcanada.com\/wp-content\/uploads\/2017\/03\/Ski-Hall-of-Fame.gif') !important;\"><img decoding=\"async\" class=\"vc_gitem-zone-img\" src=\"https:\/\/skijumpingcanada.com\/wp-content\/uploads\/2017\/03\/Ski-Hall-of-Fame.gif\" alt=\"C'est le temps de soumettre vos candidatures pour le Temple de la renomm\u00e9e du Ski Canadien 2017 - 2018\"><div class=\"vc_gitem-zone-mini\"><\/div><\/div><div class=\"vc_gitem-zone vc_gitem-zone-b vc_custom_1419002895369 vc-gitem-zone-height-mode-auto vc_gitem-is-link\"><a href=\"https:\/\/skijumpingcanada.com\/wp-content\/uploads\/2017\/03\/Ski-Hall-of-Fame.gif\" title=\"C&#8217;est le temps de soumettre vos candidatures pour le Temple de la renomm\u00e9e du Ski Canadien 2017 &#8211; 2018\"  data-lightbox=\"lightbox[rel-4804-1906880849]\" data-vc-gitem-zone=\"prettyphotoLink\" class=\"vc_gitem-link prettyphoto vc-zone-link vc-prettyphoto-link\" ><\/a><div class=\"vc_gitem-zone-mini\"><\/div><\/div><\/div><div class=\"vc_gitem-zone vc_gitem-zone-c vc_custom_1419240502350\"><div class=\"vc_gitem-zone-mini\"><div class=\"vc_gitem_row vc_row vc_gitem-row-position-top\"><div class=\"vc_col-sm-12 vc_gitem-col vc_gitem-col-align-\"><div class=\"vc_custom_heading vc_gitem-post-data vc_gitem-post-data-source-post_title\" ><h4 style=\"text-align: left\" >C&#8217;est le temps de soumettre vos candidatures pour le Temple de la renomm\u00e9e du Ski Canadien 2017 &#8211; 2018<\/h4><\/div><div class=\"vc_custom_heading vc_gitem-post-data vc_gitem-post-data-source-post_excerpt\" ><p style=\"text-align: left\" ><p>La p\u00e9riode de mise en candidature 2017-2018 pour le Temple de la renomm\u00e9e du ski canadien est du 1er d\u00e9cembre 2017 au 30 mars 2018. Le Temple de la Renomm\u00e9e [&hellip;]<\/p>\n<\/p><\/div><\/div><\/div><\/div><\/div><\/div><div class=\"vc_clearfix\"><\/div><\/div><div class=\"vc_grid-item vc_clearfix vc_col-sm-4 vc_grid-item-zone-c-bottom\"><div class=\"vc_grid-item-mini vc_clearfix \"><div class=\"vc_gitem-animated-block  vc_gitem-animate vc_gitem-animate-blurScaleOut\"  data-vc-animation=\"blurScaleOut\"><div class=\"vc_gitem-zone vc_gitem-zone-a vc-gitem-zone-height-mode-auto vc-gitem-zone-height-mode-auto-1-1\" style=\"background-image: url('https:\/\/skijumpingcanada.com\/wp-content\/plugins\/js_composer\/assets\/vc\/vc_gitem_image.png') !important;\"><img decoding=\"async\" class=\"vc_gitem-zone-img\" src=\"https:\/\/skijumpingcanada.com\/wp-content\/plugins\/js_composer\/assets\/vc\/vc_gitem_image.png\" alt=\"\"><div class=\"vc_gitem-zone-mini\"><\/div><\/div><div class=\"vc_gitem-zone vc_gitem-zone-b vc_custom_1419002895369 vc-gitem-zone-height-mode-auto vc_gitem-is-link\"><a href=\"https:\/\/skijumpingcanada.com\/wp-content\/plugins\/js_composer\/assets\/vc\/vc_gitem_image.png\" title=\"Deux sauteurs canadiens s\u2019envoleront vers Pyeongchang\"  data-lightbox=\"lightbox[rel-4804-1906880849]\" data-vc-gitem-zone=\"prettyphotoLink\" class=\"vc_gitem-link prettyphoto vc-zone-link vc-prettyphoto-link\" ><\/a><div class=\"vc_gitem-zone-mini\"><\/div><\/div><\/div><div class=\"vc_gitem-zone vc_gitem-zone-c vc_custom_1419240502350\"><div class=\"vc_gitem-zone-mini\"><div class=\"vc_gitem_row vc_row vc_gitem-row-position-top\"><div class=\"vc_col-sm-12 vc_gitem-col vc_gitem-col-align-\"><div class=\"vc_custom_heading vc_gitem-post-data vc_gitem-post-data-source-post_title\" ><h4 style=\"text-align: left\" >Deux sauteurs canadiens s\u2019envoleront vers Pyeongchang<\/h4><\/div><div class=\"vc_custom_heading vc_gitem-post-data vc_gitem-post-data-source-post_excerpt\" ><p style=\"text-align: left\" ><p>Le Comit\u00e9 olympique canadien (COC) a d\u00e9voil\u00e9 mercredi que Taylor Henrich et Mackenzie Boyd-Clowes seront les deux repr\u00e9sentants de l&#8217;unifoli\u00e9 \u00e0 participer aux \u00e9preuves de saut \u00e0 ski \u00e0 Pyeongchang. [&hellip;]<\/p>\n<\/p><\/div><\/div><\/div><\/div><\/div><\/div><div class=\"vc_clearfix\"><\/div><\/div><div class=\"vc_grid-item vc_clearfix vc_col-sm-4 vc_grid-item-zone-c-bottom\"><div class=\"vc_grid-item-mini vc_clearfix \"><div class=\"vc_gitem-animated-block  vc_gitem-animate vc_gitem-animate-blurScaleOut\"  data-vc-animation=\"blurScaleOut\"><div class=\"vc_gitem-zone vc_gitem-zone-a vc-gitem-zone-height-mode-auto vc-gitem-zone-height-mode-auto-1-1\" style=\"background-image: url('https:\/\/skijumpingcanada.com\/wp-content\/plugins\/js_composer\/assets\/vc\/vc_gitem_image.png') !important;\"><img decoding=\"async\" class=\"vc_gitem-zone-img\" src=\"https:\/\/skijumpingcanada.com\/wp-content\/plugins\/js_composer\/assets\/vc\/vc_gitem_image.png\" alt=\"\"><div class=\"vc_gitem-zone-mini\"><\/div><\/div><div class=\"vc_gitem-zone vc_gitem-zone-b vc_custom_1419002895369 vc-gitem-zone-height-mode-auto vc_gitem-is-link\"><a href=\"https:\/\/skijumpingcanada.com\/wp-content\/plugins\/js_composer\/assets\/vc\/vc_gitem_image.png\" title=\"Nomination de l\u2019\u00e9quipe canadienne de saut \u00e0 ski pour PyeongChang 2018\"  data-lightbox=\"lightbox[rel-4804-1906880849]\" data-vc-gitem-zone=\"prettyphotoLink\" class=\"vc_gitem-link prettyphoto vc-zone-link vc-prettyphoto-link\" ><\/a><div class=\"vc_gitem-zone-mini\"><\/div><\/div><\/div><div class=\"vc_gitem-zone vc_gitem-zone-c vc_custom_1419240502350\"><div class=\"vc_gitem-zone-mini\"><div class=\"vc_gitem_row vc_row vc_gitem-row-position-top\"><div class=\"vc_col-sm-12 vc_gitem-col vc_gitem-col-align-\"><div class=\"vc_custom_heading vc_gitem-post-data vc_gitem-post-data-source-post_title\" ><h4 style=\"text-align: left\" >Nomination de l\u2019\u00e9quipe canadienne de saut \u00e0 ski pour PyeongChang 2018<\/h4><\/div><div class=\"vc_custom_heading vc_gitem-post-data vc_gitem-post-data-source-post_excerpt\" ><p style=\"text-align: left\" ><p>Pour diffusion imm\u00e9diate Nomination de l\u2019\u00e9quipe canadienne de saut \u00e0 ski pour PyeongChang\u00a02018 CALGARY (22 janvier 2018) \u2013 Le mercredi 24 janvier 2018, le Comit\u00e9 olympique canadien et Saut \u00e0 [&hellip;]<\/p>\n<\/p><\/div><\/div><\/div><\/div><\/div><\/div><div class=\"vc_clearfix\"><\/div><\/div><div class=\"vc_grid-item vc_clearfix vc_col-sm-4 vc_grid-item-zone-c-bottom\"><div class=\"vc_grid-item-mini vc_clearfix \"><div class=\"vc_gitem-animated-block  vc_gitem-animate vc_gitem-animate-blurScaleOut\"  data-vc-animation=\"blurScaleOut\"><div class=\"vc_gitem-zone vc_gitem-zone-a vc-gitem-zone-height-mode-auto vc-gitem-zone-height-mode-auto-1-1\" style=\"background-image: url('https:\/\/skijumpingcanada.com\/wp-content\/plugins\/js_composer\/assets\/vc\/vc_gitem_image.png') !important;\"><img decoding=\"async\" class=\"vc_gitem-zone-img\" src=\"https:\/\/skijumpingcanada.com\/wp-content\/plugins\/js_composer\/assets\/vc\/vc_gitem_image.png\" alt=\"\"><div class=\"vc_gitem-zone-mini\"><\/div><\/div><div class=\"vc_gitem-zone vc_gitem-zone-b vc_custom_1419002895369 vc-gitem-zone-height-mode-auto vc_gitem-is-link\"><a href=\"https:\/\/skijumpingcanada.com\/wp-content\/plugins\/js_composer\/assets\/vc\/vc_gitem_image.png\" title=\"COUPE FIS,  SAUT \u00c0 SKI Hommes et Femmes 07-08 D\u00e9cember 2017 COUPE CONTINENTAL FIS Hommes 09-10 D\u00e9cember 2017\"  data-lightbox=\"lightbox[rel-4804-1906880849]\" data-vc-gitem-zone=\"prettyphotoLink\" class=\"vc_gitem-link prettyphoto vc-zone-link vc-prettyphoto-link\" ><\/a><div class=\"vc_gitem-zone-mini\"><\/div><\/div><\/div><div class=\"vc_gitem-zone vc_gitem-zone-c vc_custom_1419240502350\"><div class=\"vc_gitem-zone-mini\"><div class=\"vc_gitem_row vc_row vc_gitem-row-position-top\"><div class=\"vc_col-sm-12 vc_gitem-col vc_gitem-col-align-\"><div class=\"vc_custom_heading vc_gitem-post-data vc_gitem-post-data-source-post_title\" ><h4 style=\"text-align: left\" >COUPE FIS,  SAUT \u00c0 SKI Hommes et Femmes 07-08 D\u00e9cember 2017 COUPE CONTINENTAL FIS Hommes 09-10 D\u00e9cember 2017<\/h4><\/div><div class=\"vc_custom_heading vc_gitem-post-data vc_gitem-post-data-source-post_excerpt\" ><p style=\"text-align: left\" ><p>ORGANISATEUR: Saute \u00e0 Ski Canada 88 Canada Olympic Road SW T3B 5R5 Calgary, Calgary Phone : 1.587.707.7478 Courriel g\u00e9n\u00e9ral :\u00a0sjnpetrov@gmail.com Personne de contact pour officiels et \u00e9quipes : Nadya Bozhko [&hellip;]<\/p>\n<\/p><\/div><\/div><\/div><\/div><\/div><\/div><div class=\"vc_clearfix\"><\/div><\/div><div class=\"vc_grid-item vc_clearfix vc_col-sm-4 vc_grid-item-zone-c-bottom\"><div class=\"vc_grid-item-mini vc_clearfix \"><div class=\"vc_gitem-animated-block  vc_gitem-animate vc_gitem-animate-blurScaleOut\"  data-vc-animation=\"blurScaleOut\"><div class=\"vc_gitem-zone vc_gitem-zone-a vc-gitem-zone-height-mode-auto vc-gitem-zone-height-mode-auto-1-1\" style=\"background-image: url('https:\/\/skijumpingcanada.com\/wp-content\/uploads\/2017\/09\/image005.png') !important;\"><img decoding=\"async\" class=\"vc_gitem-zone-img\" src=\"https:\/\/skijumpingcanada.com\/wp-content\/uploads\/2017\/09\/image005.png\" alt=\"Natalie Eilers et Gregor Linsig ont d\u00e9cern\u00e9 le Prix d'excellence pour athl\u00e8tes et entra\u00eeneurs\"><div class=\"vc_gitem-zone-mini\"><\/div><\/div><div class=\"vc_gitem-zone vc_gitem-zone-b vc_custom_1419002895369 vc-gitem-zone-height-mode-auto vc_gitem-is-link\"><a href=\"https:\/\/skijumpingcanada.com\/wp-content\/uploads\/2017\/09\/image005.png\" title=\"Natalie Eilers et Gregor Linsig ont d\u00e9cern\u00e9 le Prix d&#8217;excellence pour athl\u00e8tes et entra\u00eeneurs\"  data-lightbox=\"lightbox[rel-4804-1906880849]\" data-vc-gitem-zone=\"prettyphotoLink\" class=\"vc_gitem-link prettyphoto vc-zone-link vc-prettyphoto-link\" ><\/a><div class=\"vc_gitem-zone-mini\"><\/div><\/div><\/div><div class=\"vc_gitem-zone vc_gitem-zone-c vc_custom_1419240502350\"><div class=\"vc_gitem-zone-mini\"><div class=\"vc_gitem_row vc_row vc_gitem-row-position-top\"><div class=\"vc_col-sm-12 vc_gitem-col vc_gitem-col-align-\"><div class=\"vc_custom_heading vc_gitem-post-data vc_gitem-post-data-source-post_title\" ><h4 style=\"text-align: left\" >Natalie Eilers et Gregor Linsig ont d\u00e9cern\u00e9 le Prix d&#8217;excellence pour athl\u00e8tes et entra\u00eeneurs<\/h4><\/div><div class=\"vc_custom_heading vc_gitem-post-data vc_gitem-post-data-source-post_excerpt\" ><p style=\"text-align: left\" ><p>F\u00e9licitations aux b\u00e9n\u00e9voles de Petro-Canada 2017 pour l&#8217;atout de l&#8217;attelage et de l&#8217;excellence en entra\u00eenement (FACE \u2122) qui ont \u00e9t\u00e9 annonc\u00e9s le week-end dernier \u00e0 Toronto! Nous sommes particuli\u00e8rement fiers [&hellip;]<\/p>\n<\/p><\/div><\/div><\/div><\/div><\/div><\/div><div class=\"vc_clearfix\"><\/div><\/div><div class=\"vc_grid-item vc_clearfix vc_col-sm-4 vc_grid-item-zone-c-bottom\"><div class=\"vc_grid-item-mini vc_clearfix \"><div class=\"vc_gitem-animated-block  vc_gitem-animate vc_gitem-animate-blurScaleOut\"  data-vc-animation=\"blurScaleOut\"><div class=\"vc_gitem-zone vc_gitem-zone-a vc-gitem-zone-height-mode-auto vc-gitem-zone-height-mode-auto-1-1\" style=\"background-image: url('https:\/\/skijumpingcanada.com\/wp-content\/plugins\/js_composer\/assets\/vc\/vc_gitem_image.png') !important;\"><img decoding=\"async\" class=\"vc_gitem-zone-img\" src=\"https:\/\/skijumpingcanada.com\/wp-content\/plugins\/js_composer\/assets\/vc\/vc_gitem_image.png\" alt=\"\"><div class=\"vc_gitem-zone-mini\"><\/div><\/div><div class=\"vc_gitem-zone vc_gitem-zone-b vc_custom_1419002895369 vc-gitem-zone-height-mode-auto vc_gitem-is-link\"><a href=\"https:\/\/skijumpingcanada.com\/wp-content\/plugins\/js_composer\/assets\/vc\/vc_gitem_image.png\" title=\"Billets Disponibles pour les Jeux Olympiques d&#8217;Hiver de PyeongChang 2018\"  data-lightbox=\"lightbox[rel-4804-1906880849]\" data-vc-gitem-zone=\"prettyphotoLink\" class=\"vc_gitem-link prettyphoto vc-zone-link vc-prettyphoto-link\" ><\/a><div class=\"vc_gitem-zone-mini\"><\/div><\/div><\/div><div class=\"vc_gitem-zone vc_gitem-zone-c vc_custom_1419240502350\"><div class=\"vc_gitem-zone-mini\"><div class=\"vc_gitem_row vc_row vc_gitem-row-position-top\"><div class=\"vc_col-sm-12 vc_gitem-col vc_gitem-col-align-\"><div class=\"vc_custom_heading vc_gitem-post-data vc_gitem-post-data-source-post_title\" ><h4 style=\"text-align: left\" >Billets Disponibles pour les Jeux Olympiques d&#8217;Hiver de PyeongChang 2018<\/h4><\/div><div class=\"vc_custom_heading vc_gitem-post-data vc_gitem-post-data-source-post_excerpt\" ><p style=\"text-align: left\" ><p>Les ventes de billets pour les Jeux Olympiques d&#8217;Hiver de PyeongChang 2018 commencent le jeudi 23 f\u00e9vrier \u00e0 11amEST\/8am PST comme\u00a0&#8221;premier venu, premier servi&#8221;. On peut vous aider \u00e0 acheter [&hellip;]<\/p>\n<\/p><\/div><\/div><\/div><\/div><\/div><\/div><div class=\"vc_clearfix\"><\/div><\/div><\/div><div class=\"vc_pageable-load-more-btn\" data-vc-grid-load-more-btn=\"true\"><div class=\"vc_btn3-container  vc_grid-btn-load_more vc_btn3-center\"><a href=\"javascript:;\" class=\"vc_general vc_btn3 vc_btn3-size-md vc_btn3-shape-square vc_btn3-style-flat vc_btn3-icon-right vc_btn3-color-black\"  title=\"EN SAVOIR PLUS\">EN SAVOIR PLUS <i class=\"vc_btn3-icon fa fa-solid fa-square-plus\"><\/i><\/a><\/div><\/div><\/div>\n\t<\/div>\n<\/div><\/div><div class=\"vc_row wpb_row vc_row-fluid\"><\/div><div class=\"vc_row wpb_row vc_row-fluid\"><div class=\"wpb_column vc_column_container vc_col-sm-12\"><div class=\"vc_column-inner\"><div class=\"wpb_wrapper\"><div  class=\"vc_wp_posts wpb_content_element\">\n\t\t<div class=\"widget widget_recent_entries\">\n\t\t<h2 class=\"widgettitle\">Articles de presses &#8211; Compl\u00e8ts<\/h2>\n\t\t<ul>\n\t\t\t\t\t\t\t\t\t\t\t<li>\n\t\t\t\t\t<a href=\"https:\/\/skijumpingcanada.com\/fr\/saut-a-ski-canada-participera-a-la-nouvelle-saison-du-camp-des-recrues-rbc\/\">Saut \u00e0 ski Canada participera \u00e0 la nouvelle saison du Camp des recrues RBC<\/a>\n\t\t\t\t\t\t\t\t\t<\/li>\n\t\t\t\t\t\t\t\t\t\t\t<li>\n\t\t\t\t\t<a href=\"https:\/\/skijumpingcanada.com\/fr\/abigail-strate-se-classe-11e-au-saut-a-ski-de-big-hill-aux-jeux-olympiques\/\">Abigail Strate se classe 11e au saut \u00e0 ski de Big Hill aux Jeux olympiques<\/a>\n\t\t\t\t\t\t\t\t\t<\/li>\n\t\t\t\t\t\t\t\t\t\t\t<li>\n\t\t\t\t\t<a href=\"https:\/\/skijumpingcanada.com\/fr\/la-canadienne-abigail-strate-termine-11e-lors-de-la-premiere-epreuve-olympique-de-saut-a-ski\/\">La Canadienne Abigail Strate termine 11e lors de la premi\u00e8re \u00e9preuve olympique de saut \u00e0 ski<\/a>\n\t\t\t\t\t\t\t\t\t<\/li>\n\t\t\t\t\t\t\t\t\t\t\t<li>\n\t\t\t\t\t<a href=\"https:\/\/skijumpingcanada.com\/fr\/strate-remporte-deux-medailles-dargent-consecutives-de-saut-a-ski-a-sapporo\/\">Strate remporte deux m\u00e9dailles d&#8217;argent cons\u00e9cutives de saut \u00e0 ski \u00e0 Sapporo<\/a>\n\t\t\t\t\t\t\t\t\t<\/li>\n\t\t\t\t\t\t\t\t\t\t\t<li>\n\t\t\t\t\t<a href=\"https:\/\/skijumpingcanada.com\/fr\/la-canadienne-abigail-strate-remporte-la-medaille-dargent-en-saut-a-ski\/\">La Canadienne Abigail Strate remporte la m\u00e9daille d&#8217;argent en saut \u00e0 ski\u00a0<\/a>\n\t\t\t\t\t\t\t\t\t<\/li>\n\t\t\t\t\t\t\t\t\t\t\t<li>\n\t\t\t\t\t<a href=\"https:\/\/skijumpingcanada.com\/fr\/quatre-sauteurs-a-ski-sappretent-a-senvoler-avec-lequipe-olympique-canadienne-vers-milano-cortina-2026\/\">Quatre sauteurs \u00e0 ski s\u2019appr\u00eatent \u00e0 s\u2019envoler avec l\u2019\u00c9quipe olympique canadienne vers Milano Cortina 2026<\/a>\n\t\t\t\t\t\t\t\t\t<\/li>\n\t\t\t\t\t<\/ul>\n\n\t\t<\/div><\/div><div class=\"vc_separator wpb_content_element vc_separator_align_center vc_sep_width_100 vc_sep_pos_align_center vc_separator_no_text vc_sep_color_grey wpb_content_element  wpb_content_element\" ><span class=\"vc_sep_holder vc_sep_holder_l\"><span class=\"vc_sep_line\"><\/span><\/span><span class=\"vc_sep_holder vc_sep_holder_r\"><span class=\"vc_sep_line\"><\/span><\/span>\n<\/div>\n\t<div class=\"wpb_text_column wpb_content_element\" >\n\t\t<div class=\"wpb_wrapper\">\n\t\t\t<h2>Supporter SSC<\/h2>\n\n\t\t<\/div>\n\t<\/div>\n<\/div><\/div><\/div><\/div><div class=\"vc_row wpb_row vc_row-fluid\"><div class=\"wpb_column vc_column_container vc_col-sm-6\"><div class=\"vc_column-inner\"><div class=\"wpb_wrapper\"><style>.vc_btn3-style-gradient-custom.vc_btn-gradient-btn-69f44911f2696:hover{color: #ffffff;background-color: #EC3338;border: none;background-position: 100% 0;}<\/style><style>.vc_btn3-style-gradient-custom.vc_btn-gradient-btn-69f44911f2696{color: #ffffff;border: none;background-color: #000000;background-image: -webkit-linear-gradient(left, #000000 0%, #EC3338 50%,#000000 100%);background-image: linear-gradient(to right, #000000 0%, #EC3338 50%,#000000 100%);-webkit-transition: all .2s ease-in-out;transition: all .2s ease-in-out;background-size: 200% 100%;}<\/style><div class=\"vc_btn3-container vc_btn3-center vc_do_btn\" ><a data-vc-gradient-1=\"#000000\" data-vc-gradient-2=\"#EC3338\" class=\"vc_general vc_btn3 vc_btn3-size-lg vc_btn3-shape-square vc_btn3-style-gradient-custom vc_btn3-block vc_btn-gradient-btn-69f44911f2696\" href=\"https:\/\/www.zeffy.com\/en-CA\/donation-form\/together-we-soar\" title=\"\" target=\"_blank\">DONNER \u00c0 SSC<\/a><\/div><\/div><\/div><\/div><div class=\"wpb_column vc_column_container vc_col-sm-6\"><div class=\"vc_column-inner\"><div class=\"wpb_wrapper\"><style>.vc_btn3-style-gradient-custom.vc_btn-gradient-btn-69f44911f2795:hover{color: #ffffff;background-color: #EC3338;border: none;background-position: 100% 0;}<\/style><style>.vc_btn3-style-gradient-custom.vc_btn-gradient-btn-69f44911f2795{color: #ffffff;border: none;background-color: #000000;background-image: -webkit-linear-gradient(left, #000000 0%, #EC3338 50%,#000000 100%);background-image: linear-gradient(to right, #000000 0%, #EC3338 50%,#000000 100%);-webkit-transition: all .2s ease-in-out;transition: all .2s ease-in-out;background-size: 200% 100%;}<\/style><div class=\"vc_btn3-container vc_btn3-center vc_do_btn\" ><a data-vc-gradient-1=\"#000000\" data-vc-gradient-2=\"#EC3338\" class=\"vc_general vc_btn3 vc_btn3-size-lg vc_btn3-shape-square vc_btn3-style-gradient-custom vc_btn3-block vc_btn-gradient-btn-69f44911f2795\" href=\"https:\/\/www.snowathletes.ca\/athlete\/ski-jumping-canada\" title=\"\" target=\"_blank\">SUPPORTER UN ATHL\u00c8TE<\/a><\/div><\/div><\/div><\/div><\/div><div class=\"vc_row wpb_row vc_row-fluid\"><div class=\"wpb_column vc_column_container vc_col-sm-12\"><div class=\"vc_column-inner\"><div class=\"wpb_wrapper\"><div class=\"vc_separator wpb_content_element vc_separator_align_center vc_sep_width_100 vc_sep_pos_align_center vc_separator_no_text vc_sep_color_grey wpb_content_element  wpb_content_element\" ><span class=\"vc_sep_holder vc_sep_holder_l\"><span class=\"vc_sep_line\"><\/span><\/span><span class=\"vc_sep_holder vc_sep_holder_r\"><span class=\"vc_sep_line\"><\/span><\/span>\n<\/div><\/div><\/div><\/div><\/div><div class=\"vc_row wpb_row vc_row-fluid\"><div class=\"wpb_column vc_column_container vc_col-sm-12\"><div class=\"vc_column-inner\"><div class=\"wpb_wrapper\">\n\t<div class=\"wpb_text_column wpb_content_element\" >\n\t\t<div class=\"wpb_wrapper\">\n\t\t\t<h2>Nos partenairs valoris\u00e9s<\/h2>\n\n\t\t<\/div>\n\t<\/div>\n\n\t<div class=\"wpb_text_column wpb_content_element\" >\n\t\t<div class=\"wpb_wrapper\">\n\t\t\t<script type=\"text\/javascript\">jQuery(function() { _initLayerSlider( '#layerslider_3_1jzte5o24bszp', {sliderVersion: '7.15.1', allowFullscreen: true, pauseOnHover: 'enabled', skin: 'v6', sliderFadeInDuration: 350, globalBGColor: '#ffffff', useSrcset: true, skinsPath: 'https:\/\/skijumpingcanada.com\/wp-content\/plugins\/LayerSlider\/assets\/static\/layerslider\/skins\/', performanceMode: true}); });<\/script><div id=\"layerslider_3_1jzte5o24bszp\"  class=\"ls-wp-container fitvidsignore ls-selectable\" style=\"width:1280px;height:720px;margin:0 auto;margin-bottom: 0px;\"><div class=\"ls-slide\" data-ls=\"parallaxtype:3d;parallaxrotate:20;\"><img decoding=\"async\" width=\"640\" height=\"360\" src=\"https:\/\/skijumpingcanada.com\/wp-content\/uploads\/layerslider\/projects\/Features-A-Parallax-Experiment\/ls-slider-39-slide-1.jpg\" class=\"ls-tn\" alt=\"\" srcset=\"https:\/\/skijumpingcanada.com\/wp-content\/uploads\/layerslider\/projects\/Features-A-Parallax-Experiment\/ls-slider-39-slide-1.jpg 640w, https:\/\/skijumpingcanada.com\/wp-content\/uploads\/layerslider\/projects\/Features-A-Parallax-Experiment\/ls-slider-39-slide-1-300x169.jpg 300w\" sizes=\"(max-width: 640px) 100vw, 640px\" \/><img loading=\"lazy\" decoding=\"async\" width=\"941\" height=\"90\" src=\"https:\/\/skijumpingcanada.com\/wp-content\/uploads\/2025\/10\/logo_fur_tshirts_edited_edited_edited_jp.jpg\" class=\"ls-l ls-img-layer\" alt=\"\" srcset=\"https:\/\/skijumpingcanada.com\/wp-content\/uploads\/2025\/10\/logo_fur_tshirts_edited_edited_edited_jp.jpg 941w, https:\/\/skijumpingcanada.com\/wp-content\/uploads\/2025\/10\/logo_fur_tshirts_edited_edited_edited_jp-300x29.jpg 300w, https:\/\/skijumpingcanada.com\/wp-content\/uploads\/2025\/10\/logo_fur_tshirts_edited_edited_edited_jp-768x73.jpg 768w\" sizes=\"(max-width: 941px) 100vw, 941px\" style=\"width:345px;height:33px;top:597px;left:32px;\"><img loading=\"lazy\" decoding=\"async\" width=\"2500\" height=\"2500\" src=\"https:\/\/skijumpingcanada.com\/wp-content\/uploads\/2025\/10\/fis.jpg\" class=\"ls-l ls-img-layer\" alt=\"\" srcset=\"https:\/\/skijumpingcanada.com\/wp-content\/uploads\/2025\/10\/fis.jpg 2500w, https:\/\/skijumpingcanada.com\/wp-content\/uploads\/2025\/10\/fis-300x300.jpg 300w, https:\/\/skijumpingcanada.com\/wp-content\/uploads\/2025\/10\/fis-1024x1024.jpg 1024w, https:\/\/skijumpingcanada.com\/wp-content\/uploads\/2025\/10\/fis-150x150.jpg 150w, https:\/\/skijumpingcanada.com\/wp-content\/uploads\/2025\/10\/fis-768x768.jpg 768w, https:\/\/skijumpingcanada.com\/wp-content\/uploads\/2025\/10\/fis-1536x1536.jpg 1536w, https:\/\/skijumpingcanada.com\/wp-content\/uploads\/2025\/10\/fis-2048x2048.jpg 2048w\" sizes=\"(max-width: 2500px) 100vw, 2500px\" style=\"top:333px;left:33px;width:188px;height:179px;\"><img loading=\"lazy\" decoding=\"async\" width=\"250\" height=\"375\" src=\"https:\/\/skijumpingcanada.com\/wp-content\/uploads\/2025\/10\/Logo-Master-RGB.png\" class=\"ls-l ls-img-layer\" alt=\"\" srcset=\"https:\/\/skijumpingcanada.com\/wp-content\/uploads\/2025\/10\/Logo-Master-RGB.png 250w, https:\/\/skijumpingcanada.com\/wp-content\/uploads\/2025\/10\/Logo-Master-RGB-200x300.png 200w\" sizes=\"(max-width: 250px) 100vw, 250px\" style=\"top:56px;left:291px;width:128px;height:192px;\"><img loading=\"lazy\" decoding=\"async\" width=\"270\" height=\"86\" src=\"https:\/\/skijumpingcanada.com\/wp-content\/uploads\/2025\/10\/bathroom-brothers_logo_1632770351767.png\" class=\"ls-l ls-img-layer\" alt=\"\" style=\"top:359px;left:266px;width:320px;height:102px;\"><img loading=\"lazy\" decoding=\"async\" width=\"300\" height=\"300\" src=\"https:\/\/skijumpingcanada.com\/wp-content\/uploads\/2025\/10\/301543769_492105769589834_5711438302501840967_n.jpg\" class=\"ls-l ls-img-layer\" alt=\"\" srcset=\"https:\/\/skijumpingcanada.com\/wp-content\/uploads\/2025\/10\/301543769_492105769589834_5711438302501840967_n.jpg 300w, https:\/\/skijumpingcanada.com\/wp-content\/uploads\/2025\/10\/301543769_492105769589834_5711438302501840967_n-150x150.jpg 150w\" sizes=\"(max-width: 300px) 100vw, 300px\" style=\"top:31px;left:864px;width:234px;height:234px;\"><img loading=\"lazy\" decoding=\"async\" width=\"500\" height=\"350\" src=\"https:\/\/skijumpingcanada.com\/wp-content\/uploads\/2025\/10\/canada-wordmark.jpg\" class=\"ls-l ls-img-layer\" alt=\"\" srcset=\"https:\/\/skijumpingcanada.com\/wp-content\/uploads\/2025\/10\/canada-wordmark.jpg 500w, https:\/\/skijumpingcanada.com\/wp-content\/uploads\/2025\/10\/canada-wordmark-300x210.jpg 300w\" sizes=\"(max-width: 500px) 100vw, 500px\" style=\"top:44px;left:0px;width:291px;height:204px;\"><img loading=\"lazy\" decoding=\"async\" width=\"400\" height=\"262\" src=\"https:\/\/skijumpingcanada.com\/wp-content\/uploads\/2025\/10\/6744c51ad8151c1d28975682_OTP-Logo-Colour-Vertical.png\" class=\"ls-l ls-img-layer\" alt=\"\" srcset=\"https:\/\/skijumpingcanada.com\/wp-content\/uploads\/2025\/10\/6744c51ad8151c1d28975682_OTP-Logo-Colour-Vertical.png 400w, https:\/\/skijumpingcanada.com\/wp-content\/uploads\/2025\/10\/6744c51ad8151c1d28975682_OTP-Logo-Colour-Vertical-300x197.png 300w\" sizes=\"(max-width: 400px) 100vw, 400px\" style=\"width:235px;height:154px;top:71px;left:629px;\"><img loading=\"lazy\" decoding=\"async\" width=\"419\" height=\"232\" src=\"https:\/\/skijumpingcanada.com\/wp-content\/uploads\/2024\/10\/Glove.jpg\" class=\"ls-l ls-img-layer\" alt=\"\" srcset=\"https:\/\/skijumpingcanada.com\/wp-content\/uploads\/2024\/10\/Glove.jpg 419w, https:\/\/skijumpingcanada.com\/wp-content\/uploads\/2024\/10\/Glove-300x166.jpg 300w\" sizes=\"(max-width: 419px) 100vw, 419px\" style=\"top:325px;left:978px;width:272px;height:156px;\"><img loading=\"lazy\" decoding=\"async\" width=\"655\" height=\"232\" src=\"https:\/\/skijumpingcanada.com\/wp-content\/uploads\/2020\/10\/Karbon.jpg\" class=\"ls-l ls-img-layer\" alt=\"\" srcset=\"https:\/\/skijumpingcanada.com\/wp-content\/uploads\/2020\/10\/Karbon.jpg 655w, https:\/\/skijumpingcanada.com\/wp-content\/uploads\/2020\/10\/Karbon-300x106.jpg 300w\" sizes=\"(max-width: 655px) 100vw, 655px\" style=\"top:356px;left:639px;width:289px;height:102px;\"><img loading=\"lazy\" decoding=\"async\" width=\"270\" height=\"352\" src=\"https:\/\/skijumpingcanada.com\/wp-content\/uploads\/2015\/11\/COFV2.jpg\" class=\"ls-l ls-img-layer\" alt=\"\" srcset=\"https:\/\/skijumpingcanada.com\/wp-content\/uploads\/2015\/11\/COFV2.jpg 270w, https:\/\/skijumpingcanada.com\/wp-content\/uploads\/2015\/11\/COFV2-230x300.jpg 230w, https:\/\/skijumpingcanada.com\/wp-content\/uploads\/2015\/11\/COFV2-268x350.jpg 268w, https:\/\/skijumpingcanada.com\/wp-content\/uploads\/2015\/11\/COFV2-77x100.jpg 77w\" sizes=\"(max-width: 270px) 100vw, 270px\" style=\"top:56px;left:419px;width:210px;height:274px;\"><img loading=\"lazy\" decoding=\"async\" width=\"309\" height=\"117\" src=\"https:\/\/skijumpingcanada.com\/wp-content\/uploads\/2020\/01\/CSA-logo.jpg\" class=\"ls-l ls-img-layer\" alt=\"\" srcset=\"https:\/\/skijumpingcanada.com\/wp-content\/uploads\/2020\/01\/CSA-logo.jpg 309w, https:\/\/skijumpingcanada.com\/wp-content\/uploads\/2020\/01\/CSA-logo-300x114.jpg 300w\" sizes=\"(max-width: 309px) 100vw, 309px\" style=\"top:61px;left:998px;width:365px;height:138px;\"><img loading=\"lazy\" decoding=\"async\" width=\"1426\" height=\"428\" src=\"https:\/\/skijumpingcanada.com\/wp-content\/uploads\/2025\/11\/Firefly-Logo_Recovery-Tagline_Navy_PARTNER.jpg\" class=\"ls-l ls-img-layer\" alt=\"\" srcset=\"https:\/\/skijumpingcanada.com\/wp-content\/uploads\/2025\/11\/Firefly-Logo_Recovery-Tagline_Navy_PARTNER.jpg 1426w, https:\/\/skijumpingcanada.com\/wp-content\/uploads\/2025\/11\/Firefly-Logo_Recovery-Tagline_Navy_PARTNER-300x90.jpg 300w, https:\/\/skijumpingcanada.com\/wp-content\/uploads\/2025\/11\/Firefly-Logo_Recovery-Tagline_Navy_PARTNER-1024x307.jpg 1024w, https:\/\/skijumpingcanada.com\/wp-content\/uploads\/2025\/11\/Firefly-Logo_Recovery-Tagline_Navy_PARTNER-768x231.jpg 768w, https:\/\/skijumpingcanada.com\/wp-content\/uploads\/2025\/11\/Firefly-Logo_Recovery-Tagline_Navy_PARTNER-18x5.jpg 18w\" sizes=\"(max-width: 1426px) 100vw, 1426px\" style=\"top:570px;left:417px;width:287px;height:86px;\"><img loading=\"lazy\" decoding=\"async\" width=\"985\" height=\"465\" src=\"https:\/\/skijumpingcanada.com\/wp-content\/uploads\/2025\/11\/R1cK-Logo-1.png\" class=\"ls-l ls-img-layer\" alt=\"\" srcset=\"https:\/\/skijumpingcanada.com\/wp-content\/uploads\/2025\/11\/R1cK-Logo-1.png 985w, https:\/\/skijumpingcanada.com\/wp-content\/uploads\/2025\/11\/R1cK-Logo-1-300x142.png 300w, https:\/\/skijumpingcanada.com\/wp-content\/uploads\/2025\/11\/R1cK-Logo-1-768x363.png 768w, https:\/\/skijumpingcanada.com\/wp-content\/uploads\/2025\/11\/R1cK-Logo-1-18x8.png 18w\" sizes=\"(max-width: 985px) 100vw, 985px\" style=\"left:753px;top:559px;width:239px;height:113px;\"><img loading=\"lazy\" decoding=\"async\" width=\"1000\" height=\"400\" src=\"https:\/\/skijumpingcanada.com\/wp-content\/uploads\/2025\/11\/Demotu-logo-1.png\" class=\"ls-l ls-img-layer\" alt=\"\" srcset=\"https:\/\/skijumpingcanada.com\/wp-content\/uploads\/2025\/11\/Demotu-logo-1.png 1000w, https:\/\/skijumpingcanada.com\/wp-content\/uploads\/2025\/11\/Demotu-logo-1-300x120.png 300w, https:\/\/skijumpingcanada.com\/wp-content\/uploads\/2025\/11\/Demotu-logo-1-768x307.png 768w, https:\/\/skijumpingcanada.com\/wp-content\/uploads\/2025\/11\/Demotu-logo-1-18x7.png 18w\" sizes=\"(max-width: 1000px) 100vw, 1000px\" style=\"left:1028px;top:576px;width:230px;height:92px;\"><\/div><\/div>\n\n\t\t<\/div>\n\t<\/div>\n<\/div><\/div><\/div><\/div><div class=\"vc_row wpb_row vc_row-fluid\"><div class=\"wpb_column vc_column_container vc_col-sm-12\"><div class=\"vc_column-inner\"><div class=\"wpb_wrapper\"><\/div><\/div><\/div><\/div>\n<\/div>","protected":false},"excerpt":{"rendered":"Qui nous sommes Saut \u00e0 ski Canada Saut \u00e0 Ski Canada est l'organisation nationale du sport de saut \u00e0 ski au Canada. \u00c9v\u00e9nements mai 2026 L M M J V [...]","protected":false},"author":6,"featured_media":0,"parent":0,"menu_order":0,"comment_status":"closed","ping_status":"closed","template":"","meta":{"footnotes":""},"class_list":["post-4804","page","type-page","status-publish"],"_links":{"self":[{"href":"https:\/\/skijumpingcanada.com\/fr\/wp-json\/wp\/v2\/page\/4804","targetHints":{"allow":["GET"]}}],"collection":[{"href":"https:\/\/skijumpingcanada.com\/fr\/wp-json\/wp\/v2\/page"}],"about":[{"href":"https:\/\/skijumpingcanada.com\/fr\/wp-json\/wp\/v2\/types\/page"}],"author":[{"embeddable":true,"href":"https:\/\/skijumpingcanada.com\/fr\/wp-json\/wp\/v2\/users\/6"}],"replies":[{"embeddable":true,"href":"https:\/\/skijumpingcanada.com\/fr\/wp-json\/wp\/v2\/comments?post=4804"}],"version-history":[{"count":6,"href":"https:\/\/skijumpingcanada.com\/fr\/wp-json\/wp\/v2\/page\/4804\/revisions"}],"predecessor-version":[{"id":8933,"href":"https:\/\/skijumpingcanada.com\/fr\/wp-json\/wp\/v2\/page\/4804\/revisions\/8933"}],"wp:attachment":[{"href":"https:\/\/skijumpingcanada.com\/fr\/wp-json\/wp\/v2\/media?parent=4804"}],"curies":[{"name":"wp","href":"https:\/\/api.w.org\/{rel}","templated":true}]}}